{"id":1139,"date":"2024-06-16T20:26:09","date_gmt":"2024-06-16T20:26:09","guid":{"rendered":"https:\/\/sanfecoop.cl\/sfc\/?page_id=1139"},"modified":"2026-02-24T15:45:53","modified_gmt":"2026-02-24T15:45:53","slug":"convenios","status":"publish","type":"page","link":"https:\/\/sanfecoop.cl\/sfc\/convenios\/","title":{"rendered":"Convenios"},"content":{"rendered":"\t\t<div data-elementor-type=\"wp-page\" data-elementor-id=\"1139\" class=\"elementor elementor-1139\">\n\t\t\t\t<div class=\"elementor-element elementor-element-631d864 e-flex e-con-boxed e-con e-parent\" data-id=\"631d864\" data-element_type=\"container\" data-e-type=\"container\" data-settings=\"{&quot;background_background&quot;:&quot;classic&quot;}\">\n\t\t\t\t\t<div class=\"e-con-inner\">\n\t\t\t\t<div class=\"elementor-element elementor-element-cb1bdfe elementor-position-inline-start elementor-view-default elementor-mobile-position-block-start elementor-widget elementor-widget-icon-box\" data-id=\"cb1bdfe\" data-element_type=\"widget\" data-e-type=\"widget\" data-widget_type=\"icon-box.default\">\n\t\t\t\t<div class=\"elementor-widget-container\">\n\t\t\t\t\t\t\t<div class=\"elementor-icon-box-wrapper\">\n\n\t\t\t\t\t\t<div class=\"elementor-icon-box-icon\">\n\t\t\t\t<span  class=\"elementor-icon\">\n\t\t\t\t<svg aria-hidden=\"true\" class=\"e-font-icon-svg e-fas-tags\" viewBox=\"0 0 640 512\" xmlns=\"http:\/\/www.w3.org\/2000\/svg\"><path d=\"M497.941 225.941L286.059 14.059A48 48 0 0 0 252.118 0H48C21.49 0 0 21.49 0 48v204.118a48 48 0 0 0 14.059 33.941l211.882 211.882c18.744 18.745 49.136 18.746 67.882 0l204.118-204.118c18.745-18.745 18.745-49.137 0-67.882zM112 160c-26.51 0-48-21.49-48-48s21.49-48 48-48 48 21.49 48 48-21.49 48-48 48zm513.941 133.823L421.823 497.941c-18.745 18.745-49.137 18.745-67.882 0l-.36-.36L527.64 323.522c16.999-16.999 26.36-39.6 26.36-63.64s-9.362-46.641-26.36-63.64L331.397 0h48.721a48 48 0 0 1 33.941 14.059l211.882 211.882c18.745 18.745 18.745 49.137 0 67.882z\"><\/path><\/svg>\t\t\t\t<\/span>\n\t\t\t<\/div>\n\t\t\t\n\t\t\t\t\t\t<div class=\"elementor-icon-box-content\">\n\n\t\t\t\t\t\t\t\t\t<h3 class=\"elementor-icon-box-title\">\n\t\t\t\t\t\t<span  >\n\t\t\t\t\t\t\tSanfecoop Convenios\t\t\t\t\t\t<\/span>\n\t\t\t\t\t<\/h3>\n\t\t\t\t\n\t\t\t\t\n\t\t\t<\/div>\n\t\t\t\n\t\t<\/div>\n\t\t\t\t\t\t<\/div>\n\t\t\t\t<\/div>\n\t\t\t\t\t<\/div>\n\t\t\t\t<\/div>\n\t\t<div class=\"elementor-element elementor-element-f4a8149 e-con-full e-flex e-con e-parent\" data-id=\"f4a8149\" data-element_type=\"container\" data-e-type=\"container\" data-settings=\"{&quot;background_background&quot;:&quot;classic&quot;}\">\n\t\t\t\t<div class=\"elementor-element elementor-element-16a84b9 eael-pricing-content-align-left eael-pricing-button-align-left elementor-widget__width-initial elementor-widget-tablet__width-initial elementor-widget elementor-widget-eael-pricing-table\" data-id=\"16a84b9\" data-element_type=\"widget\" data-e-type=\"widget\" data-widget_type=\"eael-pricing-table.default\">\n\t\t\t\t<div class=\"elementor-widget-container\">\n\t\t\t\t\t    <div class=\"eael-pricing style-1 eael-header-devider\">\n                    <div class=\"eael-pricing-item featured ribbon-3\">\n                <div class=\"header\">\n                    <h2 class=\"title\">NEUROVIDA CENTER<\/h2>\n                <\/div>\n                <div class=\"eael-pricing-tag\">\n                    <span class=\"price-tag\"><span class=\"original-price\"><span class=\"price-currency\"><\/span>Centro especializado en audiolog\u00eda y neurorehabilitaci\u00f3n en Putaendo. Nuestros socios al d\u00eda acceden a descuentos preferenciales en aud\u00edfonos bilaterales, unilaterales e intracanal, adem\u00e1s de atenci\u00f3n personalizada y precios accesibles.<\/span><\/span><span class=\"price-period\"><\/span>                <\/div>\n                <div class=\"body\">\n                            <ul>\n                            <li class=\"eael-pricing-item-feature elementor-repeater-item-32d3760\">\n                    \n                    \n                    <span >Ubicaci\u00f3n: Jos\u00e9 Antonio Salinas N\u00b0210, Putaendo \ud83d\udcf2 +56 9 9820 6944<\/span>\n                    \n                     \n                <\/li>\n                    <\/ul>\n                    <\/div>\n                            <\/div>\n                    <\/div>\n    \t\t\t\t<\/div>\n\t\t\t\t<\/div>\n\t\t\t\t<div class=\"elementor-element elementor-element-edd3bf2 eael-pricing-content-align-left eael-pricing-button-align-left elementor-widget__width-initial elementor-widget-tablet__width-initial elementor-widget elementor-widget-eael-pricing-table\" data-id=\"edd3bf2\" data-element_type=\"widget\" data-e-type=\"widget\" data-widget_type=\"eael-pricing-table.default\">\n\t\t\t\t<div class=\"elementor-widget-container\">\n\t\t\t\t\t    <div class=\"eael-pricing style-1 eael-header-devider\">\n                    <div class=\"eael-pricing-item featured ribbon-3\">\n                <div class=\"header\">\n                    <h2 class=\"title\">COMERCIALIZADORA Y DISTRIBUIDORA LA GRINGA<\/h2>\n                <\/div>\n                <div class=\"eael-pricing-tag\">\n                    <span class=\"price-tag\"><span class=\"original-price\"><span class=\"price-currency\"><\/span>Distribuidora ubicada en el Valle de Aconcagua que ofrece productos de limpieza de uso dom\u00e9stico y mercader\u00eda de alta calidad, tanto al por mayor como al detalle.<br><br>  \ud83d\udcb3 Beneficio para nuestros socios: <br>\u2714 5% de descuento <br>en compras desde $20.000, pagando en efectivo o transferencia.<\/span><\/span><span class=\"price-period\"><\/span>                <\/div>\n                <div class=\"body\">\n                            <ul>\n                            <li class=\"eael-pricing-item-feature elementor-repeater-item-944224e\">\n                    \n                    \n                    <span ><\/span>\n                    \n                     \n                <\/li>\n                            <li class=\"eael-pricing-item-feature elementor-repeater-item-d13e9e8\">\n                    \n                    \n                    <span >\ud83d\udccdDirecci\u00f3n: Carlos condell 1111 (ex39) <\/span>\n                    \n                     \n                <\/li>\n                    <\/ul>\n                    <\/div>\n                            <\/div>\n                    <\/div>\n    \t\t\t\t<\/div>\n\t\t\t\t<\/div>\n\t\t<div class=\"elementor-element elementor-element-1304999 e-con-full e-flex e-con e-child\" data-id=\"1304999\" data-element_type=\"container\" data-e-type=\"container\">\n\t\t\t\t<div class=\"elementor-element elementor-element-1ebc21f eael-pricing-content-align-left eael-pricing-button-align-left elementor-widget__width-initial elementor-widget elementor-widget-eael-pricing-table\" data-id=\"1ebc21f\" data-element_type=\"widget\" data-e-type=\"widget\" data-widget_type=\"eael-pricing-table.default\">\n\t\t\t\t<div class=\"elementor-widget-container\">\n\t\t\t\t\t    <div class=\"eael-pricing style-1 eael-header-devider\">\n                    <div class=\"eael-pricing-item featured ribbon-3\">\n                <div class=\"header\">\n                    <h2 class=\"title\">MIRAH \u00d3ptica<\/h2>\n                <\/div>\n                <div class=\"eael-pricing-tag\">\n                    <span class=\"price-tag\"><span class=\"original-price\"><span class=\"price-currency\"><\/span>Nueva \u00f3ptica en el Valle de Aconcagua que llega a ofrecer: <br><br>\u2705 Armazones <br>\u2705 Lentes \u00f3pticos <br>\u2705 Lentes de sol <br>\u2705 Art\u00edculos de limpieza \u00f3ptica <br>\u2705 Accesorios y m\u00e1s <br><br> \ud83d\udd39 Trabajan con laboratorios de prestigio como Optiland y Rodenstock, garantizando cristales de la mejor calidad del mercado.<br><br> \ud83d\udd39 Adem\u00e1s, su equipo de vendedoras cuenta con a\u00f1os de experiencia en el rubro, brindando una atenci\u00f3n personalizada y cercana.<\/span><\/span><span class=\"price-period\"><\/span>                <\/div>\n                <div class=\"body\">\n                            <ul>\n                            <li class=\"eael-pricing-item-feature elementor-repeater-item-944224e\">\n                    \n                    \n                    <span ><\/span>\n                    \n                     \n                <\/li>\n                            <li class=\"eael-pricing-item-feature elementor-repeater-item-d13e9e8\">\n                    \n                    \n                    <span >\ud83d\udccdDirecci\u00f3n: Calle Prat N\u00b0762, Local 6, San Felipe, San Felipe<br> \ud83d\udcde Contacto: \u202a\u202a+56 9 7592 2220<\/span>\n                    \n                     \n                <\/li>\n                    <\/ul>\n                    <\/div>\n                            <\/div>\n                    <\/div>\n    \t\t\t\t<\/div>\n\t\t\t\t<\/div>\n\t\t\t\t<\/div>\n\t\t<div class=\"elementor-element elementor-element-708d75c e-con-full e-flex e-con e-child\" data-id=\"708d75c\" data-element_type=\"container\" data-e-type=\"container\">\n\t\t\t\t<div class=\"elementor-element elementor-element-9dea24b eael-pricing-content-align-left eael-pricing-button-align-left elementor-widget__width-initial elementor-widget elementor-widget-eael-pricing-table\" data-id=\"9dea24b\" data-element_type=\"widget\" data-e-type=\"widget\" data-widget_type=\"eael-pricing-table.default\">\n\t\t\t\t<div class=\"elementor-widget-container\">\n\t\t\t\t\t    <div class=\"eael-pricing style-1 eael-header-devider\">\n                    <div class=\"eael-pricing-item featured ribbon-3\">\n                <div class=\"header\">\n                    <h2 class=\"title\">\u00d3ptica Salem <\/h2>\n                <\/div>\n                <div class=\"eael-pricing-tag\">\n                    <span class=\"price-tag\"><span class=\"original-price\"><span class=\"price-currency\"><\/span>\u00d3ptica Salem es una \u00f3ptica moderna que cuenta con atenci\u00f3n oftalmol\u00f3gica por tecn\u00f3logo m\u00e9dico y una gran variedad de productos y servicios, tales como: <br><br>\u2022\tLentes bifocales, multifocales, fotocrom\u00e1ticos y Rodenstock <br><br>\u2022\tLentes de sol, lentes con micas, lentes de contacto est\u00e9ticos <br><br>\u2022\tL\u00edquido para lentes de contacto, l\u00e1grimas artificiales y m\u00e1s. <br><br>Beneficio para socios Sanfecoop: <br><br>\ud83d\udfe2 20% de descuento en todos los productos y servicios<br><br> \ud83d\udfe2 Sin tope ni m\u00ednimo de compra<\/span><\/span><span class=\"price-period\"><\/span>                <\/div>\n                <div class=\"body\">\n                            <ul>\n                            <li class=\"eael-pricing-item-feature elementor-repeater-item-944224e\">\n                    \n                    \n                    <span ><\/span>\n                    \n                     \n                <\/li>\n                            <li class=\"eael-pricing-item-feature elementor-repeater-item-d13e9e8\">\n                    \n                    \n                    <span >\ud83d\udccdDirecci\u00f3n: Calle Portus N\u00b0289, San Felipe<\/span>\n                    \n                     \n                <\/li>\n                    <\/ul>\n                    <\/div>\n                            <\/div>\n                    <\/div>\n    \t\t\t\t<\/div>\n\t\t\t\t<\/div>\n\t\t\t\t<\/div>\n\t\t\t\t<\/div>\n\t\t<div class=\"elementor-element elementor-element-48da68b e-flex e-con-boxed e-con e-parent\" data-id=\"48da68b\" data-element_type=\"container\" data-e-type=\"container\" data-settings=\"{&quot;background_background&quot;:&quot;classic&quot;}\">\n\t\t\t\t\t<div class=\"e-con-inner\">\n\t\t<div class=\"elementor-element elementor-element-7407d29 e-con-full e-flex e-con e-child\" data-id=\"7407d29\" data-element_type=\"container\" data-e-type=\"container\">\n\t\t\t\t<div class=\"elementor-element elementor-element-50c8e9b eael-pricing-content-align-left eael-pricing-button-align-left elementor-widget__width-initial elementor-widget elementor-widget-eael-pricing-table\" data-id=\"50c8e9b\" data-element_type=\"widget\" data-e-type=\"widget\" data-widget_type=\"eael-pricing-table.default\">\n\t\t\t\t<div class=\"elementor-widget-container\">\n\t\t\t\t\t    <div class=\"eael-pricing style-1 eael-header-devider\">\n                    <div class=\"eael-pricing-item featured ribbon-3\">\n                <div class=\"header\">\n                    <h2 class=\"title\">UVO<\/h2>\n                <\/div>\n                <div class=\"eael-pricing-tag\">\n                    <span class=\"price-tag\"><span class=\"original-price\"><span class=\"price-currency\"><\/span>Empresa de servicios inform\u00e1ticos especializada en el desarrollo y venta de software dise\u00f1ados para potenciar el crecimiento de todo tipo de negocios <br><br> \ud83d\udd39 50% de descuento en el plan anual <br><br>\ud83d\udd39 1 visita gratuita para socios que vivan en San Felipe <\/span><\/span><span class=\"price-period\"><\/span>                <\/div>\n                <div class=\"body\">\n                            <ul>\n                            <li class=\"eael-pricing-item-feature elementor-repeater-item-944224e\">\n                    \n                    \n                    <span ><\/span>\n                    \n                     \n                <\/li>\n                            <li class=\"eael-pricing-item-feature elementor-repeater-item-d13e9e8\">\n                    \n                    \n                    <span >\ud83d\udcde WhatsApp +56 9 72414143 <\/span>\n                    \n                     \n                <\/li>\n                    <\/ul>\n                    <\/div>\n                                <div class=\"footer\">\n                    <a class=\"eael-pricing-button\" href=\"http:\/\/www.uvo.cl\" target=\"_blank\" >\n                                                                                Mas Informaci\u00f3n                                            <\/a>\n                <\/div>\n                            <\/div>\n                    <\/div>\n    \t\t\t\t<\/div>\n\t\t\t\t<\/div>\n\t\t\t\t<\/div>\n\t\t<div class=\"elementor-element elementor-element-0f9485d e-con-full e-flex e-con e-child\" data-id=\"0f9485d\" data-element_type=\"container\" data-e-type=\"container\">\n\t\t\t\t<div class=\"elementor-element elementor-element-94593cf eael-pricing-content-align-left eael-pricing-button-align-left elementor-widget__width-initial elementor-widget elementor-widget-eael-pricing-table\" data-id=\"94593cf\" data-element_type=\"widget\" data-e-type=\"widget\" data-widget_type=\"eael-pricing-table.default\">\n\t\t\t\t<div class=\"elementor-widget-container\">\n\t\t\t\t\t    <div class=\"eael-pricing style-1 eael-header-devider\">\n                    <div class=\"eael-pricing-item featured ribbon-3\">\n                <div class=\"header\">\n                    <h2 class=\"title\">\u00d3PTICA VERONA<\/h2>\n                <\/div>\n                <div class=\"eael-pricing-tag\">\n                    <span class=\"price-tag\"><span class=\"original-price\"><span class=\"price-currency\"><\/span>\u00d3ptica Verona, es una Pyme especializada en salud visual que ofrece productos de alta calidad a precios accesibles. Trabajan con armazones y cristales de laboratorios reconocidos como Rodenstock (Alemania) y Optiland (EE.UU.). Ofrecen lentes \u00f3pticos, de sol (normales y \u00f3pticos), lentes de seguridad, deportivos y m\u00e1s, tanto para adultos como ni\u00f1os. Cuentan con locales en San Felipe y Los Andes.  Beneficio para socios Sanfecoop al d\u00eda:<br><br>\ud83d\udd39 20% de descuento en todos los productos (no aplicable a promociones vigentes).<\/span><\/span><span class=\"price-period\"><\/span>                <\/div>\n                <div class=\"body\">\n                            <ul>\n                            <li class=\"eael-pricing-item-feature elementor-repeater-item-944224e\">\n                    \n                    \n                    <span ><\/span>\n                    \n                     \n                <\/li>\n                            <li class=\"eael-pricing-item-feature elementor-repeater-item-d13e9e8\">\n                    \n                    \n                    <span >\ud83d\udd39Direcci\u00f3n: Prat N\u00b0723 local 6, Boulevard Prat, San Felipe<\/span>\n                    \n                     \n                <\/li>\n                    <\/ul>\n                    <\/div>\n                                <div class=\"footer\">\n                    <a class=\"eael-pricing-button\" href=\"http:\/\/www.opticaverona.cl\" target=\"_blank\" >\n                                                                                Mas Informaci\u00f3n                                            <\/a>\n                <\/div>\n                            <\/div>\n                    <\/div>\n    \t\t\t\t<\/div>\n\t\t\t\t<\/div>\n\t\t\t\t<\/div>\n\t\t<div class=\"elementor-element elementor-element-43163d2 e-con-full e-flex e-con e-child\" data-id=\"43163d2\" data-element_type=\"container\" data-e-type=\"container\">\n\t\t\t\t<div class=\"elementor-element elementor-element-2fdddcb eael-pricing-content-align-left eael-pricing-button-align-left elementor-widget__width-initial elementor-widget elementor-widget-eael-pricing-table\" data-id=\"2fdddcb\" data-element_type=\"widget\" data-e-type=\"widget\" data-widget_type=\"eael-pricing-table.default\">\n\t\t\t\t<div class=\"elementor-widget-container\">\n\t\t\t\t\t    <div class=\"eael-pricing style-1 eael-header-devider\">\n                    <div class=\"eael-pricing-item featured ribbon-3\">\n                <div class=\"header\">\n                    <h2 class=\"title\">PROSEGUR<\/h2>\n                <\/div>\n                <div class=\"eael-pricing-tag\">\n                    <span class=\"price-tag\"><span class=\"original-price\"><span class=\"price-currency\"><\/span>Descuentos exclusivos que se ir\u00e1n actualizando mensualmente, para que siempre tengas las mejores condiciones para proteger tu hogar o negocio.<\/span><\/span><span class=\"price-period\"><\/span>                <\/div>\n                <div class=\"body\">\n                            <ul>\n                            <li class=\"eael-pricing-item-feature elementor-repeater-item-944224e\">\n                    \n                    \n                    <span ><\/span>\n                    \n                     \n                <\/li>\n                    <\/ul>\n                    <\/div>\n                                <div class=\"footer\">\n                    <a class=\"eael-pricing-button\" href=\"https:\/\/alarmas.prosegur.cl\/sanfecoop\" target=\"_blank\" >\n                                                                                Mas Informaci\u00f3n                                            <\/a>\n                <\/div>\n                            <\/div>\n                    <\/div>\n    \t\t\t\t<\/div>\n\t\t\t\t<\/div>\n\t\t\t\t<\/div>\n\t\t<div class=\"elementor-element elementor-element-f82c15b e-con-full e-flex e-con e-child\" data-id=\"f82c15b\" data-element_type=\"container\" data-e-type=\"container\">\n\t\t\t\t<div class=\"elementor-element elementor-element-e9d73c3 eael-pricing-content-align-left eael-pricing-button-align-left elementor-widget__width-initial elementor-widget elementor-widget-eael-pricing-table\" data-id=\"e9d73c3\" data-element_type=\"widget\" data-e-type=\"widget\" data-widget_type=\"eael-pricing-table.default\">\n\t\t\t\t<div class=\"elementor-widget-container\">\n\t\t\t\t\t    <div class=\"eael-pricing style-1 eael-header-devider\">\n                    <div class=\"eael-pricing-item featured ribbon-3\">\n                <div class=\"header\">\n                    <h2 class=\"title\">BOTICA SAN FELIPE<\/h2>\n                <\/div>\n                <div class=\"eael-pricing-tag\">\n                    <span class=\"price-tag\"><span class=\"original-price\"><span class=\"price-currency\"><\/span>Botica San Felipe, es una farmacia local que ofrece alternativas en salud, bienestar y cuidado personal, con atenci\u00f3n personalizada por sus propios due\u00f1os sanfelipe\u00f1os. Beneficio para socios al d\u00eda de un 15% por compras sobre $20.000.<\/span><\/span><span class=\"price-period\"><\/span>                <\/div>\n                <div class=\"body\">\n                            <ul>\n                            <li class=\"eael-pricing-item-feature elementor-repeater-item-12d72e0\">\n                    \n                    \n                    <span >Direcci\u00f3n Arturo Prat N\u00ba 1082, San Felipe<\/span>\n                    \n                     \n                <\/li>\n                            <li class=\"eael-pricing-item-feature elementor-repeater-item-944224e\">\n                    \n                    \n                    <span >Fono : +56 9 84385176<\/span>\n                    \n                     \n                <\/li>\n                    <\/ul>\n                    <\/div>\n                            <\/div>\n                    <\/div>\n    \t\t\t\t<\/div>\n\t\t\t\t<\/div>\n\t\t\t\t<\/div>\n\t\t\t\t\t<\/div>\n\t\t\t\t<\/div>\n\t\t<div class=\"elementor-element elementor-element-aa0d1af e-flex e-con-boxed e-con e-parent\" data-id=\"aa0d1af\" data-element_type=\"container\" data-e-type=\"container\" data-settings=\"{&quot;background_background&quot;:&quot;classic&quot;}\">\n\t\t\t\t\t<div class=\"e-con-inner\">\n\t\t<div class=\"elementor-element elementor-element-1089ec7 e-con-full e-flex e-con e-child\" data-id=\"1089ec7\" data-element_type=\"container\" data-e-type=\"container\">\n\t\t\t\t<div class=\"elementor-element elementor-element-45aa44b eael-pricing-content-align-left eael-pricing-button-align-left elementor-widget__width-initial elementor-widget elementor-widget-eael-pricing-table\" data-id=\"45aa44b\" data-element_type=\"widget\" data-e-type=\"widget\" data-widget_type=\"eael-pricing-table.default\">\n\t\t\t\t<div class=\"elementor-widget-container\">\n\t\t\t\t\t    <div class=\"eael-pricing style-1 eael-header-devider\">\n                    <div class=\"eael-pricing-item featured ribbon-3\">\n                <div class=\"header\">\n                    <h2 class=\"title\">FISIOKIN ACONCAGUA<\/h2>\n                <\/div>\n                <div class=\"eael-pricing-tag\">\n                    <span class=\"price-tag\"><span class=\"original-price\"><span class=\"price-currency\"><\/span>Son un grupo de kinesi\u00f3logos especializados en rehabilitaci\u00f3n kin\u00e9sica integral y entrenamiento funcional, con sesiones grupales o personalizadas seg\u00fan tus necesidades. <br>\u270530% de descuento en sesiones de kinesiolog\u00eda (VitalMove y domicilio).<br> \u270520% de descuento en planes de entrenamiento (personalizados o individuales).<\/span><\/span><span class=\"price-period\"><\/span>                <\/div>\n                <div class=\"body\">\n                            <ul>\n                            <li class=\"eael-pricing-item-feature elementor-repeater-item-12d72e0\">\n                    \n                    \n                    <span >Atenci\u00f3n a domicilio y en \u201cVitalMove Hacienda Putaendo\u201d, ubicada en Calle Central, Parcela 10, Quebrada Herrera.<\/span>\n                    \n                     \n                <\/li>\n                            <li class=\"eael-pricing-item-feature elementor-repeater-item-944224e\">\n                    \n                    \n                    <span >Fono : +56 9 59495510<\/span>\n                    \n                     \n                <\/li>\n                    <\/ul>\n                    <\/div>\n                            <\/div>\n                    <\/div>\n    \t\t\t\t<\/div>\n\t\t\t\t<\/div>\n\t\t\t\t<\/div>\n\t\t<div class=\"elementor-element elementor-element-8e1019a e-con-full e-flex e-con e-child\" data-id=\"8e1019a\" data-element_type=\"container\" data-e-type=\"container\">\n\t\t\t\t<div class=\"elementor-element elementor-element-d1b3a11 eael-pricing-content-align-left eael-pricing-button-align-left elementor-widget__width-initial elementor-widget elementor-widget-eael-pricing-table\" data-id=\"d1b3a11\" data-element_type=\"widget\" data-e-type=\"widget\" data-widget_type=\"eael-pricing-table.default\">\n\t\t\t\t<div class=\"elementor-widget-container\">\n\t\t\t\t\t    <div class=\"eael-pricing style-1 eael-header-devider\">\n                    <div class=\"eael-pricing-item featured ribbon-3\">\n                <div class=\"header\">\n                    <h2 class=\"title\">Tienda La Florida<\/h2>\n                <\/div>\n                <div class=\"eael-pricing-tag\">\n                    <span class=\"price-tag\"><span class=\"original-price\"><span class=\"price-currency\"><\/span>Ropa de excelente calidad a precios accesibles. Lencer\u00eda fina y ropa interior para toda la familia. Prendas para ni\u00f1os y adultos. <br><br>\u270510% de descuento en el total de tu compra<\/span><\/span><span class=\"price-period\"><\/span>                <\/div>\n                <div class=\"body\">\n                            <ul>\n                            <li class=\"eael-pricing-item-feature elementor-repeater-item-12d72e0\">\n                    \n                    \n                    <span >Calle Salinas N\u00ba194 - San Felipe<\/span>\n                    \n                     \n                <\/li>\n                    <\/ul>\n                    <\/div>\n                            <\/div>\n                    <\/div>\n    \t\t\t\t<\/div>\n\t\t\t\t<\/div>\n\t\t\t\t<\/div>\n\t\t<div class=\"elementor-element elementor-element-f446823 e-con-full e-flex e-con e-child\" data-id=\"f446823\" data-element_type=\"container\" data-e-type=\"container\">\n\t\t\t\t<div class=\"elementor-element elementor-element-41c9fec eael-pricing-content-align-left eael-pricing-button-align-left elementor-widget__width-initial elementor-widget elementor-widget-eael-pricing-table\" data-id=\"41c9fec\" data-element_type=\"widget\" data-e-type=\"widget\" data-widget_type=\"eael-pricing-table.default\">\n\t\t\t\t<div class=\"elementor-widget-container\">\n\t\t\t\t\t    <div class=\"eael-pricing style-1 eael-header-devider\">\n                    <div class=\"eael-pricing-item featured ribbon-3\">\n                <div class=\"header\">\n                    <h2 class=\"title\">Parque Almendral<\/h2>\n                <\/div>\n                <div class=\"eael-pricing-tag\">\n                    <span class=\"price-tag\"><span class=\"original-price\"><span class=\"price-currency\"><\/span>Descuentos para compra anticipada (Necesidad futura):<br><br>Compra normal: 10% de descuento sobre Lista de Precios.<br><br>Compra con PAC: 15% de descuento.<br><br>Compra al contado: 20% de descuento (hasta 3 cheques).<br><br>Compra al contado con cr\u00e9dito SANFECOOP: 25% de descuento.<\/span><\/span><span class=\"price-period\"><\/span>                <\/div>\n                <div class=\"body\">\n                            <ul>\n                            <li class=\"eael-pricing-item-feature elementor-repeater-item-12d72e0\">\n                    \n                    \n                    <span ><\/span>\n                    \n                     \n                <\/li>\n                    <\/ul>\n                    <\/div>\n                                <div class=\"footer\">\n                    <a class=\"eael-pricing-button\" href=\"https:\/\/parquealmendral.cl\/SanFelipeAconcagua\/\" target=\"_blank\" >\n                                                                                www.parquealmendral.cl                                            <\/a>\n                <\/div>\n                            <\/div>\n                    <\/div>\n    \t\t\t\t<\/div>\n\t\t\t\t<\/div>\n\t\t\t\t<\/div>\n\t\t<div class=\"elementor-element elementor-element-d4d7387 e-con-full e-flex e-con e-child\" data-id=\"d4d7387\" data-element_type=\"container\" data-e-type=\"container\">\n\t\t\t\t<div class=\"elementor-element elementor-element-927c075 eael-pricing-content-align-left eael-pricing-button-align-left elementor-widget__width-initial elementor-widget elementor-widget-eael-pricing-table\" data-id=\"927c075\" data-element_type=\"widget\" data-e-type=\"widget\" data-widget_type=\"eael-pricing-table.default\">\n\t\t\t\t<div class=\"elementor-widget-container\">\n\t\t\t\t\t    <div class=\"eael-pricing style-1 eael-header-devider\">\n                    <div class=\"eael-pricing-item featured ribbon-3\">\n                <div class=\"header\">\n                    <h2 class=\"title\">SYBE bienestar y Salud<\/h2>\n                <\/div>\n                <div class=\"eael-pricing-tag\">\n                    <span class=\"price-tag\"><span class=\"original-price\"><span class=\"price-currency\"><\/span>Masajes Cuerpo completo, Descontracturantes y deportivos, expr\u00e9s en silla, Drenajes de Colon y drenaje linf\u00e1tico manual, Reflexoterapia podal y tratamiento geotermal, limpieza facial. <br>\u270525% de descuento en todos los servicios<\/span><\/span><span class=\"price-period\"><\/span>                <\/div>\n                <div class=\"body\">\n                            <ul>\n                            <li class=\"eael-pricing-item-feature elementor-repeater-item-12d72e0\">\n                    \n                    \n                    <span >Para m\u00e1s informaci\u00f3n y reservas al fono + 56 9 9253 6348<\/span>\n                    \n                     \n                <\/li>\n                    <\/ul>\n                    <\/div>\n                            <\/div>\n                    <\/div>\n    \t\t\t\t<\/div>\n\t\t\t\t<\/div>\n\t\t\t\t<\/div>\n\t\t\t\t\t<\/div>\n\t\t\t\t<\/div>\n\t\t<div class=\"elementor-element elementor-element-5a71c7f e-flex e-con-boxed e-con e-parent\" data-id=\"5a71c7f\" data-element_type=\"container\" data-e-type=\"container\" data-settings=\"{&quot;background_background&quot;:&quot;classic&quot;}\">\n\t\t\t\t\t<div class=\"e-con-inner\">\n\t\t<div class=\"elementor-element elementor-element-01f749d e-con-full e-flex e-con e-child\" data-id=\"01f749d\" data-element_type=\"container\" data-e-type=\"container\">\n\t\t\t\t<div class=\"elementor-element elementor-element-de2a828 eael-pricing-content-align-left eael-pricing-button-align-left elementor-widget__width-initial elementor-widget elementor-widget-eael-pricing-table\" data-id=\"de2a828\" data-element_type=\"widget\" data-e-type=\"widget\" data-widget_type=\"eael-pricing-table.default\">\n\t\t\t\t<div class=\"elementor-widget-container\">\n\t\t\t\t\t    <div class=\"eael-pricing style-1 eael-header-devider\">\n                    <div class=\"eael-pricing-item featured ribbon-3\">\n                <div class=\"header\">\n                    <h2 class=\"title\">Masoterapeuta Pamela Ibacache<\/h2>\n                <\/div>\n                <div class=\"eael-pricing-tag\">\n                    <span class=\"price-tag\"><span class=\"original-price\"><span class=\"price-currency\"><\/span>Masajes de relajaci\u00f3n y descontracturante, Craneales (champi) y Deportivos, Reductivos, Modeladores y  Reafirmantes,  Expres en silla y Reflexolog\u00eda Podal. Drenaje Linf\u00e1tico manual y de Colon. Levantamiento de Gluteos y tratamiento anticelulitis. <br>\u270525% de descuento en todos los servicios.<\/span><\/span><span class=\"price-period\"><\/span>                <\/div>\n                <div class=\"body\">\n                            <ul>\n                            <li class=\"eael-pricing-item-feature elementor-repeater-item-12d72e0\">\n                    \n                    \n                    <span >Informaci\u00f3n y reserva al fono: +56 9 8756 9747<\/span>\n                    \n                     \n                <\/li>\n                    <\/ul>\n                    <\/div>\n                            <\/div>\n                    <\/div>\n    \t\t\t\t<\/div>\n\t\t\t\t<\/div>\n\t\t\t\t<\/div>\n\t\t<div class=\"elementor-element elementor-element-867ab25 e-con-full e-flex e-con e-child\" data-id=\"867ab25\" data-element_type=\"container\" data-e-type=\"container\">\n\t\t\t\t<div class=\"elementor-element elementor-element-67efa1f eael-pricing-content-align-left eael-pricing-button-align-left elementor-widget__width-initial elementor-widget elementor-widget-eael-pricing-table\" data-id=\"67efa1f\" data-element_type=\"widget\" data-e-type=\"widget\" data-widget_type=\"eael-pricing-table.default\">\n\t\t\t\t<div class=\"elementor-widget-container\">\n\t\t\t\t\t    <div class=\"eael-pricing style-1 eael-header-devider\">\n                    <div class=\"eael-pricing-item featured ribbon-3\">\n                <div class=\"header\">\n                    <h2 class=\"title\">Distribuidora KARINA<\/h2>\n                <\/div>\n                <div class=\"eael-pricing-tag\">\n                    <span class=\"price-tag\"><span class=\"original-price\"><span class=\"price-currency\"><\/span>Encontrar\u00e1s: Alimentos, Congelados, Helados, Productos de Aseo y mucho m\u00e1s, con calidad y precios convenientes. <br><br>\u27055% de descuento en compras sobre el precio de lista( no incluye bebestibles).<\/span><\/span><span class=\"price-period\"><\/span>                <\/div>\n                <div class=\"body\">\n                            <ul>\n                            <li class=\"eael-pricing-item-feature elementor-repeater-item-12d72e0\">\n                    \n                    \n                    <span >Calle Freire N\u00ba 167 - San Felipe<\/span>\n                    \n                     \n                <\/li>\n                            <li class=\"eael-pricing-item-feature elementor-repeater-item-3bc6db7\">\n                    \n                    \n                    <span >WhatsApp : +56 9 73470 7643<\/span>\n                    \n                     \n                <\/li>\n                    <\/ul>\n                    <\/div>\n                            <\/div>\n                    <\/div>\n    \t\t\t\t<\/div>\n\t\t\t\t<\/div>\n\t\t\t\t<\/div>\n\t\t<div class=\"elementor-element elementor-element-aff4495 e-con-full e-flex e-con e-child\" data-id=\"aff4495\" data-element_type=\"container\" data-e-type=\"container\">\n\t\t\t\t<div class=\"elementor-element elementor-element-9818960 eael-pricing-content-align-left eael-pricing-button-align-left elementor-widget__width-initial elementor-widget elementor-widget-eael-pricing-table\" data-id=\"9818960\" data-element_type=\"widget\" data-e-type=\"widget\" data-widget_type=\"eael-pricing-table.default\">\n\t\t\t\t<div class=\"elementor-widget-container\">\n\t\t\t\t\t    <div class=\"eael-pricing style-1 eael-header-devider\">\n                    <div class=\"eael-pricing-item featured ribbon-3\">\n                <div class=\"header\">\n                    <h2 class=\"title\">Neuroestimula<\/h2>\n                <\/div>\n                <div class=\"eael-pricing-tag\">\n                    <span class=\"price-tag\"><span class=\"original-price\"><span class=\"price-currency\"><\/span>Este centro ofrece una amplia gama de servicios para el bienestar integral de ni\u00f1os desde 1 mes de vida hasta la adultez, incluyendo: Fonoaudiolog\u00eda, Psicolog\u00eda, Psicopedagog\u00eda, Nutrici\u00f3n, Terapia Ocupacional, Kinesiolog\u00eda. Evaluaciones de apoyo para el diagn\u00f3stico de : Trastornos del Espectro Autista, D\u00e9ficit Atencional y Discapacidad Intelectual. <br><br>\u270510 % de descuento en todas las especialidades y evaluaciones.<\/span><\/span><span class=\"price-period\"><\/span>                <\/div>\n                <div class=\"body\">\n                            <ul>\n                            <li class=\"eael-pricing-item-feature elementor-repeater-item-12d72e0\">\n                    \n                    \n                    <span >Direcci\u00f3n: Joaqu\u00edn Oliva N\u00ba 40 - San Felipe<\/span>\n                    \n                     \n                <\/li>\n                            <li class=\"eael-pricing-item-feature elementor-repeater-item-8846755\">\n                    \n                    \n                    <span >Contacto al : +56 9 7591 7872<\/span>\n                    \n                     \n                <\/li>\n                    <\/ul>\n                    <\/div>\n                                <div class=\"footer\">\n                    <a class=\"eael-pricing-button\" href=\"http:\/\/www.neuroestimula.cl\" target=\"_blank\" >\n                                                                                MAS INFORMACI\u00d3N                                            <\/a>\n                <\/div>\n                            <\/div>\n                    <\/div>\n    \t\t\t\t<\/div>\n\t\t\t\t<\/div>\n\t\t\t\t<\/div>\n\t\t<div class=\"elementor-element elementor-element-fb0a3ca e-con-full e-flex e-con e-child\" data-id=\"fb0a3ca\" data-element_type=\"container\" data-e-type=\"container\">\n\t\t\t\t<div class=\"elementor-element elementor-element-e2cdeda eael-pricing-content-align-left eael-pricing-button-align-left elementor-widget__width-initial elementor-widget elementor-widget-eael-pricing-table\" data-id=\"e2cdeda\" data-element_type=\"widget\" data-e-type=\"widget\" data-widget_type=\"eael-pricing-table.default\">\n\t\t\t\t<div class=\"elementor-widget-container\">\n\t\t\t\t\t    <div class=\"eael-pricing style-1 eael-header-devider\">\n                    <div class=\"eael-pricing-item featured ribbon-3\">\n                <div class=\"header\">\n                    <h2 class=\"title\">Peluquer\u00eda Marcela<\/h2>\n                <\/div>\n                <div class=\"eael-pricing-tag\">\n                    <span class=\"price-tag\"><span class=\"original-price\"><span class=\"price-currency\"><\/span>Descuentos exclusivos: <br><br>\t\u27055% en masajes capilares, aplicaci\u00f3n de color y alisado de keratina. <br>\u270510% en cortes de cabello para hombre y mujer<\/span><\/span><span class=\"price-period\"><\/span>                <\/div>\n                <div class=\"body\">\n                            <ul>\n                            <li class=\"eael-pricing-item-feature elementor-repeater-item-12d72e0\">\n                    \n                    \n                    <span >Calle Coimas N\u00b01288 Local 28, Edificio Caracol Los Portales<\/span>\n                    \n                     \n                <\/li>\n                    <\/ul>\n                    <\/div>\n                                <div class=\"footer\">\n                    <a class=\"eael-pricing-button\" href=\"http:\/\/@marcela_peluqueria\" target=\"_blank\" >\n                                                                                Mas Informaci\u00f3n                                            <\/a>\n                <\/div>\n                            <\/div>\n                    <\/div>\n    \t\t\t\t<\/div>\n\t\t\t\t<\/div>\n\t\t\t\t<\/div>\n\t\t\t\t\t<\/div>\n\t\t\t\t<\/div>\n\t\t<div class=\"elementor-element elementor-element-b23f157 e-flex e-con-boxed e-con e-parent\" data-id=\"b23f157\" data-element_type=\"container\" data-e-type=\"container\" data-settings=\"{&quot;background_background&quot;:&quot;classic&quot;}\">\n\t\t\t\t\t<div class=\"e-con-inner\">\n\t\t<div class=\"elementor-element elementor-element-afeb38d e-con-full e-flex e-con e-child\" data-id=\"afeb38d\" data-element_type=\"container\" data-e-type=\"container\">\n\t\t\t\t<div class=\"elementor-element elementor-element-bf5a872 eael-pricing-content-align-left eael-pricing-button-align-left elementor-widget__width-initial elementor-widget elementor-widget-eael-pricing-table\" data-id=\"bf5a872\" data-element_type=\"widget\" data-e-type=\"widget\" data-widget_type=\"eael-pricing-table.default\">\n\t\t\t\t<div class=\"elementor-widget-container\">\n\t\t\t\t\t    <div class=\"eael-pricing style-1 eael-header-devider\">\n                    <div class=\"eael-pricing-item featured ribbon-3\">\n                <div class=\"header\">\n                    <h2 class=\"title\">SCZINC SPA<\/h2>\n                <\/div>\n                <div class=\"eael-pricing-tag\">\n                    <span class=\"price-tag\"><span class=\"original-price\"><span class=\"price-currency\"><\/span>Expertos en:  <br><br>Planchas de zinc de alta calidad (espesor 0.40 mm).  Caballetes a medida.  Beneficio exclusivo: <br><br>\u27055% de descuento en el total de tu compra.<\/span><\/span><span class=\"price-period\"><\/span>                <\/div>\n                <div class=\"body\">\n                            <ul>\n                            <li class=\"eael-pricing-item-feature elementor-repeater-item-12d72e0\">\n                    \n                    \n                    <span >Los Pinos s\/n, Granallas, Putaendo<\/span>\n                    \n                     \n                <\/li>\n                            <li class=\"eael-pricing-item-feature elementor-repeater-item-8846755\">\n                    \n                    \n                    <span >WhatsApp: +56 9 4412 2759<\/span>\n                    \n                     \n                <\/li>\n                    <\/ul>\n                    <\/div>\n                            <\/div>\n                    <\/div>\n    \t\t\t\t<\/div>\n\t\t\t\t<\/div>\n\t\t\t\t<\/div>\n\t\t<div class=\"elementor-element elementor-element-a238a7c e-con-full e-flex e-con e-child\" data-id=\"a238a7c\" data-element_type=\"container\" data-e-type=\"container\">\n\t\t\t\t<div class=\"elementor-element elementor-element-d1ad15c eael-pricing-content-align-left eael-pricing-button-align-left elementor-widget__width-initial elementor-widget elementor-widget-eael-pricing-table\" data-id=\"d1ad15c\" data-element_type=\"widget\" data-e-type=\"widget\" data-widget_type=\"eael-pricing-table.default\">\n\t\t\t\t<div class=\"elementor-widget-container\">\n\t\t\t\t\t    <div class=\"eael-pricing style-1 eael-header-devider\">\n                    <div class=\"eael-pricing-item featured ribbon-3\">\n                <div class=\"header\">\n                    <h2 class=\"title\">Centro M\u00e9dico Cool Dent<\/h2>\n                <\/div>\n                <div class=\"eael-pricing-tag\">\n                    <span class=\"price-tag\"><span class=\"original-price\"><span class=\"price-currency\"><\/span>Descuentos de un 20% a 30% sobre el arancel dental en tratamientos de odontolog\u00eda general y especialidades<\/span><\/span><span class=\"price-period\"><\/span>                <\/div>\n                <div class=\"body\">\n                            <ul>\n                            <li class=\"eael-pricing-item-feature elementor-repeater-item-12d72e0\">\n                    \n                    \n                    <span >Carlos Condell N\u00b0300, San Felipe<\/span>\n                    \n                     \n                <\/li>\n                            <li class=\"eael-pricing-item-feature elementor-repeater-item-8846755\">\n                    \n                    \n                    <span >WhatsApp: +56935136063<\/span>\n                    \n                     \n                <\/li>\n                    <\/ul>\n                    <\/div>\n                                <div class=\"footer\">\n                    <a class=\"eael-pricing-button\" href=\"http:\/\/www.cooldent.cl\" target=\"_blank\" >\n                                                                                MAS INFORMACI\u00d3N                                            <\/a>\n                <\/div>\n                            <\/div>\n                    <\/div>\n    \t\t\t\t<\/div>\n\t\t\t\t<\/div>\n\t\t\t\t<\/div>\n\t\t<div class=\"elementor-element elementor-element-10d3931 e-con-full e-flex e-con e-child\" data-id=\"10d3931\" data-element_type=\"container\" data-e-type=\"container\">\n\t\t\t\t<div class=\"elementor-element elementor-element-b0de366 eael-pricing-content-align-left eael-pricing-button-align-left elementor-widget__width-initial elementor-widget elementor-widget-eael-pricing-table\" data-id=\"b0de366\" data-element_type=\"widget\" data-e-type=\"widget\" data-widget_type=\"eael-pricing-table.default\">\n\t\t\t\t<div class=\"elementor-widget-container\">\n\t\t\t\t\t    <div class=\"eael-pricing style-1 eael-header-devider\">\n                    <div class=\"eael-pricing-item featured ribbon-3\">\n                <div class=\"header\">\n                    <h2 class=\"title\">Paintball del Valle<\/h2>\n                <\/div>\n                <div class=\"eael-pricing-tag\">\n                    <span class=\"price-tag\"><span class=\"original-price\"><span class=\"price-currency\"><\/span>Vive la emoci\u00f3n de un combate de pintura al aire libre en \"Paintball del Valle\", donde dos equipos compiten en una cancha llena de obst\u00e1culos para alcanzar su objetivo.  Beneficio: <br><br>\u270510% de descuento para socios al d\u00eda.<\/span><\/span><span class=\"price-period\"><\/span>                <\/div>\n                <div class=\"body\">\n                            <ul>\n                            <li class=\"eael-pricing-item-feature elementor-repeater-item-12d72e0\">\n                    \n                    \n                    <span >Los Pinos, Putaendo<\/span>\n                    \n                     \n                <\/li>\n                            <li class=\"eael-pricing-item-feature elementor-repeater-item-8846755\">\n                    \n                    \n                    <span >Contacto: +56 9 9558 7152<\/span>\n                    \n                     \n                <\/li>\n                    <\/ul>\n                    <\/div>\n                                <div class=\"footer\">\n                    <a class=\"eael-pricing-button\" href=\"https:\/\/www.instagram.com\/paintball_del_valle\/?utm_source=ig_web_button_share_sheet\" target=\"_blank\" >\n                                                                                Mas Informaci\u00f3n                                            <\/a>\n                <\/div>\n                            <\/div>\n                    <\/div>\n    \t\t\t\t<\/div>\n\t\t\t\t<\/div>\n\t\t\t\t<\/div>\n\t\t<div class=\"elementor-element elementor-element-f77ede9 e-con-full e-flex e-con e-child\" data-id=\"f77ede9\" data-element_type=\"container\" data-e-type=\"container\">\n\t\t\t\t<div class=\"elementor-element elementor-element-81329f5 eael-pricing-content-align-left eael-pricing-button-align-left elementor-widget__width-initial elementor-widget elementor-widget-eael-pricing-table\" data-id=\"81329f5\" data-element_type=\"widget\" data-e-type=\"widget\" data-widget_type=\"eael-pricing-table.default\">\n\t\t\t\t<div class=\"elementor-widget-container\">\n\t\t\t\t\t    <div class=\"eael-pricing style-1 eael-header-devider\">\n                    <div class=\"eael-pricing-item featured ribbon-3\">\n                <div class=\"header\">\n                    <h2 class=\"title\">FUNERALES L\u00d3PEZ<\/h2>\n                <\/div>\n                <div class=\"eael-pricing-tag\">\n                    <span class=\"price-tag\"><span class=\"original-price\"><span class=\"price-currency\"><\/span>10% de descuento en servicios funerarios<br><br>Capillas velatorias \/ Carroza escolta para flores \/ Carroza limosina panor\u00e1mica para la urna<br><br>Auto de acompa\u00f1amiento para familiares (seg\u00fan disponiblidad)<br><br>Servicios de cafeter\u00eda \/ Cantante y saxofonista a elecci\u00f3n<\/span><\/span><span class=\"price-period\"><\/span>                <\/div>\n                <div class=\"body\">\n                            <ul>\n                            <li class=\"eael-pricing-item-feature elementor-repeater-item-0e81259\">\n                    \n                    \n                    <span >Av. Yungay 1151, San Felipe<\/span>\n                    \n                     \n                <\/li>\n                            <li class=\"eael-pricing-item-feature elementor-repeater-item-7eca9b5\">\n                    \n                    \n                    <span >Tel\u00e9fonos: +56985383712 \/ +56964079370 \/ +342916789<\/span>\n                    \n                     \n                <\/li>\n                    <\/ul>\n                    <\/div>\n                                <div class=\"footer\">\n                    <a class=\"eael-pricing-button\" href=\"https:\/\/funeraria-lopez.webnode.cl\/\" target=\"_blank\" >\n                                                                                MAS INFORMACI\u00d3N                                            <\/a>\n                <\/div>\n                            <\/div>\n                    <\/div>\n    \t\t\t\t<\/div>\n\t\t\t\t<\/div>\n\t\t\t\t<\/div>\n\t\t\t\t\t<\/div>\n\t\t\t\t<\/div>\n\t\t<div class=\"elementor-element elementor-element-e68ac56 e-con-full e-flex e-con e-parent\" data-id=\"e68ac56\" data-element_type=\"container\" data-e-type=\"container\" data-settings=\"{&quot;background_background&quot;:&quot;classic&quot;}\">\n\t\t<div class=\"elementor-element elementor-element-5c8d10a e-con-full e-flex e-con e-child\" data-id=\"5c8d10a\" data-element_type=\"container\" data-e-type=\"container\">\n\t\t\t\t<div class=\"elementor-element elementor-element-0457568 eael-pricing-content-align-left eael-pricing-button-align-left elementor-widget__width-initial elementor-widget elementor-widget-eael-pricing-table\" data-id=\"0457568\" data-element_type=\"widget\" data-e-type=\"widget\" data-widget_type=\"eael-pricing-table.default\">\n\t\t\t\t<div class=\"elementor-widget-container\">\n\t\t\t\t\t    <div class=\"eael-pricing style-1 eael-header-devider\">\n                    <div class=\"eael-pricing-item featured ribbon-3\">\n                <div class=\"header\">\n                    <h2 class=\"title\">JOYER\u00cdA RIMINI<\/h2>\n                <\/div>\n                <div class=\"eael-pricing-tag\">\n                    <span class=\"price-tag\"><span class=\"original-price\"><span class=\"price-currency\"><\/span>6% de descuento en joyas de oro, \u00a1a partir de compras de $40.000 pesos en adelante!<br><br>10% de descuento en joyas de plata, \u00a1tambi\u00e9n a partir de compras de $40.000 pesos en adelante!<\/span><\/span><span class=\"price-period\"><\/span>                <\/div>\n                <div class=\"body\">\n                            <ul>\n                            <li class=\"eael-pricing-item-feature elementor-repeater-item-32d3760\">\n                    \n                    \n                    <span >Calle Prat N\u00b01041, San Felipe<\/span>\n                    \n                     \n                <\/li>\n                    <\/ul>\n                    <\/div>\n                            <\/div>\n                    <\/div>\n    \t\t\t\t<\/div>\n\t\t\t\t<\/div>\n\t\t\t\t<\/div>\n\t\t<div class=\"elementor-element elementor-element-887cbba e-con-full e-flex e-con e-child\" data-id=\"887cbba\" data-element_type=\"container\" data-e-type=\"container\">\n\t\t\t\t<div class=\"elementor-element elementor-element-bbcee5e eael-pricing-content-align-left eael-pricing-button-align-left elementor-widget elementor-widget-eael-pricing-table\" data-id=\"bbcee5e\" data-element_type=\"widget\" data-e-type=\"widget\" data-widget_type=\"eael-pricing-table.default\">\n\t\t\t\t<div class=\"elementor-widget-container\">\n\t\t\t\t\t    <div class=\"eael-pricing style-1 eael-header-devider\">\n                    <div class=\"eael-pricing-item featured ribbon-3\">\n                <div class=\"header\">\n                    <h2 class=\"title\">CL\u00cdNICA DENTAL ACACIAS<\/h2>\n                <\/div>\n                <div class=\"eael-pricing-tag\">\n                    <span class=\"price-tag\"><span class=\"original-price\"><span class=\"price-currency\"><\/span>5%, 10% y 15% descuento sobre el arancel en odontolog\u00eda general y especialidades<\/span><\/span><span class=\"price-period\"><\/span>                <\/div>\n                <div class=\"body\">\n                            <ul>\n                            <li class=\"eael-pricing-item-feature elementor-repeater-item-32d3760\">\n                    \n                    \n                    <span >Navarro 1131, San Felipe<\/span>\n                    \n                     \n                <\/li>\n                            <li class=\"eael-pricing-item-feature elementor-repeater-item-12d72e0\">\n                    \n                    \n                    <span >Tel\u00e9fono: +569 2613 5128<\/span>\n                    \n                     \n                <\/li>\n                    <\/ul>\n                    <\/div>\n                                <div class=\"footer\">\n                    <a class=\"eael-pricing-button\" href=\"https:\/\/www.dentalacacias.cl\" target=\"_blank\" >\n                                                                                www.dentalacacias.cl                                            <\/a>\n                <\/div>\n                            <\/div>\n                    <\/div>\n    \t\t\t\t<\/div>\n\t\t\t\t<\/div>\n\t\t\t\t<\/div>\n\t\t<div class=\"elementor-element elementor-element-e2c91be e-con-full e-flex e-con e-child\" data-id=\"e2c91be\" data-element_type=\"container\" data-e-type=\"container\">\n\t\t\t\t<div class=\"elementor-element elementor-element-20d56f0 eael-pricing-content-align-left eael-pricing-button-align-left elementor-widget__width-initial elementor-widget elementor-widget-eael-pricing-table\" data-id=\"20d56f0\" data-element_type=\"widget\" data-e-type=\"widget\" data-widget_type=\"eael-pricing-table.default\">\n\t\t\t\t<div class=\"elementor-widget-container\">\n\t\t\t\t\t    <div class=\"eael-pricing style-1 eael-header-devider\">\n                    <div class=\"eael-pricing-item featured ribbon-3\">\n                <div class=\"header\">\n                    <h2 class=\"title\">LENCER\u00cdA VALENTINA<\/h2>\n                <\/div>\n                <div class=\"eael-pricing-tag\">\n                    <span class=\"price-tag\"><span class=\"original-price\"><span class=\"price-currency\"><\/span>10% de descuento en todos los productos<\/span><\/span><span class=\"price-period\"><\/span>                <\/div>\n                <div class=\"body\">\n                            <ul>\n                            <li class=\"eael-pricing-item-feature elementor-repeater-item-32d3760\">\n                    \n                    \n                    <span >Tel\u00e9fono: +56982178814<\/span>\n                    \n                     \n                <\/li>\n                            <li class=\"eael-pricing-item-feature elementor-repeater-item-12d72e0\">\n                    \n                    \n                    <span >Calle Prat N\u00b0740, local 4, San Felipe<\/span>\n                    \n                     \n                <\/li>\n                    <\/ul>\n                    <\/div>\n                            <\/div>\n                    <\/div>\n    \t\t\t\t<\/div>\n\t\t\t\t<\/div>\n\t\t\t\t<\/div>\n\t\t<div class=\"elementor-element elementor-element-ba80671 e-con-full e-flex e-con e-child\" data-id=\"ba80671\" data-element_type=\"container\" data-e-type=\"container\">\n\t\t\t\t<div class=\"elementor-element elementor-element-db0ea5e eael-pricing-content-align-left eael-pricing-button-align-left elementor-widget__width-initial elementor-widget elementor-widget-eael-pricing-table\" data-id=\"db0ea5e\" data-element_type=\"widget\" data-e-type=\"widget\" data-widget_type=\"eael-pricing-table.default\">\n\t\t\t\t<div class=\"elementor-widget-container\">\n\t\t\t\t\t    <div class=\"eael-pricing style-1 eael-header-devider\">\n                    <div class=\"eael-pricing-item featured ribbon-3\">\n                <div class=\"header\">\n                    <h2 class=\"title\">EMOTIVAMENTE<\/h2>\n                <\/div>\n                <div class=\"eael-pricing-tag\">\n                    <span class=\"price-tag\"><span class=\"original-price\"><span class=\"price-currency\"><\/span>15% descuento en prestaciones de atenci\u00f3n psicol\u00f3gica para nuestros socios mayores de 18 a\u00f1os y sus cargas desde los 15 a\u00f1os <br><br> Tarifas preferenciales exclusivas para nuestros socios mayores de 65 a\u00f1os en atenci\u00f3n domiciliaria <br><br> 10 cupos semanales de terapia psicol\u00f3gica individual en modalidad online, presencial o domiciliaria<\/span><\/span><span class=\"price-period\"><\/span>                <\/div>\n                <div class=\"body\">\n                            <ul>\n                            <li class=\"eael-pricing-item-feature elementor-repeater-item-32d3760\">\n                    \n                    \n                    <span >M\u00e1s informaci\u00f3n en el +56 9 7120 0449<\/span>\n                    \n                     \n                <\/li>\n                    <\/ul>\n                    <\/div>\n                            <\/div>\n                    <\/div>\n    \t\t\t\t<\/div>\n\t\t\t\t<\/div>\n\t\t\t\t<\/div>\n\t\t\t\t<\/div>\n\t\t<div class=\"elementor-element elementor-element-0689c13 e-flex e-con-boxed e-con e-parent\" data-id=\"0689c13\" data-element_type=\"container\" data-e-type=\"container\" data-settings=\"{&quot;background_background&quot;:&quot;classic&quot;}\">\n\t\t\t\t\t<div class=\"e-con-inner\">\n\t\t<div class=\"elementor-element elementor-element-d03011b e-con-full e-flex e-con e-child\" data-id=\"d03011b\" data-element_type=\"container\" data-e-type=\"container\">\n\t\t\t\t<div class=\"elementor-element elementor-element-7ce7136 eael-pricing-content-align-left eael-pricing-button-align-left elementor-widget__width-initial elementor-widget elementor-widget-eael-pricing-table\" data-id=\"7ce7136\" data-element_type=\"widget\" data-e-type=\"widget\" data-widget_type=\"eael-pricing-table.default\">\n\t\t\t\t<div class=\"elementor-widget-container\">\n\t\t\t\t\t    <div class=\"eael-pricing style-1 eael-header-devider\">\n                    <div class=\"eael-pricing-item featured ribbon-3\">\n                <div class=\"header\">\n                    <h2 class=\"title\">CONSTRUCENTER ALLEGRO<\/h2>\n                <\/div>\n                <div class=\"eael-pricing-tag\">\n                    <span class=\"price-tag\"><span class=\"original-price\"><span class=\"price-currency\"><\/span>5% de descuento en el total de la compra.<br><br>Despacho gratis dentro del Valle de Aconcagua<\/span><\/span><span class=\"price-period\"><\/span>                <\/div>\n                <div class=\"body\">\n                            <ul>\n                            <li class=\"eael-pricing-item-feature elementor-repeater-item-12d72e0\">\n                    \n                    \n                    <span >Av. Bernardo O\u2019Higgins N\u00b0333, San Felipe<\/span>\n                    \n                     \n                <\/li>\n                    <\/ul>\n                    <\/div>\n                                <div class=\"footer\">\n                    <a class=\"eael-pricing-button\" href=\"http:\/\/www.ccallegro.cl\" target=\"_blank\" >\n                                                                                www.ccallegro.cl                                            <\/a>\n                <\/div>\n                            <\/div>\n                    <\/div>\n    \t\t\t\t<\/div>\n\t\t\t\t<\/div>\n\t\t\t\t<\/div>\n\t\t<div class=\"elementor-element elementor-element-33ec27c e-con-full e-flex e-con e-child\" data-id=\"33ec27c\" data-element_type=\"container\" data-e-type=\"container\">\n\t\t\t\t<div class=\"elementor-element elementor-element-9ec89b1 eael-pricing-content-align-left eael-pricing-button-align-left elementor-widget__width-initial elementor-widget elementor-widget-eael-pricing-table\" data-id=\"9ec89b1\" data-element_type=\"widget\" data-e-type=\"widget\" data-widget_type=\"eael-pricing-table.default\">\n\t\t\t\t<div class=\"elementor-widget-container\">\n\t\t\t\t\t    <div class=\"eael-pricing style-1 eael-header-devider\">\n                    <div class=\"eael-pricing-item featured ribbon-3\">\n                <div class=\"header\">\n                    <h2 class=\"title\">CENTRO M\u00c9DICO DIAGNOCAL<\/h2>\n                <\/div>\n                <div class=\"eael-pricing-tag\">\n                    <span class=\"price-tag\"><span class=\"original-price\"><span class=\"price-currency\"><\/span>10% a 20% de descuento en gran variedad de servicios m\u00e9dicos<\/span><\/span><span class=\"price-period\"><\/span>                <\/div>\n                <div class=\"body\">\n                            <ul>\n                            <li class=\"eael-pricing-item-feature elementor-repeater-item-32d3760\">\n                    \n                    \n                    <span >Calle Toromazote N\u00b01171, San Felipe - +56932055597 \/ 227275016<\/span>\n                    \n                     \n                <\/li>\n                            <li class=\"eael-pricing-item-feature elementor-repeater-item-12d72e0\">\n                    \n                    \n                    <span >Calle J.J P\u00e9rez N\u00b0507, La Calera - +56986843471<\/span>\n                    \n                     \n                <\/li>\n                            <li class=\"eael-pricing-item-feature elementor-repeater-item-08cdb57\">\n                    \n                    \n                    <span >Calle Diego Echeverr\u00eda N\u00b0463, Quillota - +56932055597<\/span>\n                    \n                     \n                <\/li>\n                    <\/ul>\n                    <\/div>\n                                <div class=\"footer\">\n                    <a class=\"eael-pricing-button\" href=\"https:\/\/conveniosanfecoop.cl\/diagnocal\" target=\"_blank\" >\n                                                                                conveniosanfecoop.cl\/diagnocal                                            <\/a>\n                <\/div>\n                            <\/div>\n                    <\/div>\n    \t\t\t\t<\/div>\n\t\t\t\t<\/div>\n\t\t\t\t<\/div>\n\t\t<div class=\"elementor-element elementor-element-70a29f6 e-con-full e-flex e-con e-child\" data-id=\"70a29f6\" data-element_type=\"container\" data-e-type=\"container\">\n\t\t\t\t<div class=\"elementor-element elementor-element-9e1633d eael-pricing-content-align-left eael-pricing-button-align-left elementor-widget elementor-widget-eael-pricing-table\" data-id=\"9e1633d\" data-element_type=\"widget\" data-e-type=\"widget\" data-widget_type=\"eael-pricing-table.default\">\n\t\t\t\t<div class=\"elementor-widget-container\">\n\t\t\t\t\t    <div class=\"eael-pricing style-1 eael-header-devider\">\n                    <div class=\"eael-pricing-item featured ribbon-3\">\n                <div class=\"header\">\n                    <h2 class=\"title\">LOS TRES HERMANOS<\/h2>\n                <\/div>\n                <div class=\"eael-pricing-tag\">\n                    <span class=\"price-tag\"><span class=\"original-price\"><span class=\"price-currency\"><\/span>10% descuento pago contado, transferencia o d\u00e9bito <br><br> Tarjeta de cr\u00e9dito: 12 cuotas sin inter\u00e9s<\/span><\/span><span class=\"price-period\"><\/span>                <\/div>\n                <div class=\"body\">\n                            <ul>\n                            <li class=\"eael-pricing-item-feature elementor-repeater-item-12d72e0\">\n                    \n                    \n                    <span ><\/span>\n                    \n                     \n                <\/li>\n                    <\/ul>\n                    <\/div>\n                            <\/div>\n                    <\/div>\n    \t\t\t\t<\/div>\n\t\t\t\t<\/div>\n\t\t\t\t<\/div>\n\t\t<div class=\"elementor-element elementor-element-3859204 e-con-full e-flex e-con e-child\" data-id=\"3859204\" data-element_type=\"container\" data-e-type=\"container\">\n\t\t\t\t<div class=\"elementor-element elementor-element-700a6bf eael-pricing-content-align-left eael-pricing-button-align-left elementor-widget elementor-widget-eael-pricing-table\" data-id=\"700a6bf\" data-element_type=\"widget\" data-e-type=\"widget\" data-widget_type=\"eael-pricing-table.default\">\n\t\t\t\t<div class=\"elementor-widget-container\">\n\t\t\t\t\t    <div class=\"eael-pricing style-1 eael-header-devider\">\n                    <div class=\"eael-pricing-item featured ribbon-3\">\n                <div class=\"header\">\n                    <h2 class=\"title\">PULCAR LUBRICENTRO<\/h2>\n                <\/div>\n                <div class=\"eael-pricing-tag\">\n                    <span class=\"price-tag\"><span class=\"original-price\"><span class=\"price-currency\"><\/span>15% de descuento en servicios de mantenimiento, di\u00e1gnostico y mec\u00e1nica<\/span><\/span><span class=\"price-period\"><\/span>                <\/div>\n                <div class=\"body\">\n                            <ul>\n                            <li class=\"eael-pricing-item-feature elementor-repeater-item-32d3760\">\n                    \n                    \n                    <span >Navarro 840, San Felipe<\/span>\n                    \n                     \n                <\/li>\n                            <li class=\"eael-pricing-item-feature elementor-repeater-item-fa7f7a0\">\n                    \n                    \n                    <span >Agendar hora en +56922590978<\/span>\n                    \n                     \n                <\/li>\n                    <\/ul>\n                    <\/div>\n                                <div class=\"footer\">\n                    <a class=\"eael-pricing-button\" href=\"https:\/\/conveniosanfecoop.cl\/pulcar\" target=\"_blank\" >\n                                                                                conveniosanfecoop.cl\/pulcar                                            <\/a>\n                <\/div>\n                            <\/div>\n                    <\/div>\n    \t\t\t\t<\/div>\n\t\t\t\t<\/div>\n\t\t\t\t<\/div>\n\t\t\t\t\t<\/div>\n\t\t\t\t<\/div>\n\t\t<div class=\"elementor-element elementor-element-6ee2a3d e-flex e-con-boxed e-con e-parent\" data-id=\"6ee2a3d\" data-element_type=\"container\" data-e-type=\"container\" data-settings=\"{&quot;background_background&quot;:&quot;classic&quot;}\">\n\t\t\t\t\t<div class=\"e-con-inner\">\n\t\t<div class=\"elementor-element elementor-element-21056f2 e-con-full e-flex e-con e-child\" data-id=\"21056f2\" data-element_type=\"container\" data-e-type=\"container\">\n\t\t\t\t<div class=\"elementor-element elementor-element-a3be2b3 eael-pricing-content-align-left eael-pricing-button-align-left elementor-widget elementor-widget-eael-pricing-table\" data-id=\"a3be2b3\" data-element_type=\"widget\" data-e-type=\"widget\" data-widget_type=\"eael-pricing-table.default\">\n\t\t\t\t<div class=\"elementor-widget-container\">\n\t\t\t\t\t    <div class=\"eael-pricing style-1 eael-header-devider\">\n                    <div class=\"eael-pricing-item featured ribbon-3\">\n                <div class=\"header\">\n                    <h2 class=\"title\">\u00d3PTICAS VISTA2020<\/h2>\n                <\/div>\n                <div class=\"eael-pricing-tag\">\n                    <span class=\"price-tag\"><span class=\"original-price\"><span class=\"price-currency\"><\/span>15% de descuento en productos de gama intermedia<br><br>20% de descuento en productos de gama alta<\/span><\/span><span class=\"price-period\"><\/span>                <\/div>\n                <div class=\"body\">\n                            <ul>\n                            <li class=\"eael-pricing-item-feature elementor-repeater-item-32d3760\">\n                    \n                    \n                    <span >*Descuentos no aplicables a las promociones existentes*<\/span>\n                    \n                     \n                <\/li>\n                            <li class=\"eael-pricing-item-feature elementor-repeater-item-12d72e0\">\n                    \n                    \n                    <span >Calle Prat N\u00b0762, San Felipe<\/span>\n                    \n                     \n                <\/li>\n                    <\/ul>\n                    <\/div>\n                            <\/div>\n                    <\/div>\n    \t\t\t\t<\/div>\n\t\t\t\t<\/div>\n\t\t\t\t<\/div>\n\t\t<div class=\"elementor-element elementor-element-c7e5cd4 e-con-full e-flex e-con e-child\" data-id=\"c7e5cd4\" data-element_type=\"container\" data-e-type=\"container\">\n\t\t\t\t<div class=\"elementor-element elementor-element-1ae53b3 eael-pricing-content-align-left eael-pricing-button-align-left elementor-widget elementor-widget-eael-pricing-table\" data-id=\"1ae53b3\" data-element_type=\"widget\" data-e-type=\"widget\" data-widget_type=\"eael-pricing-table.default\">\n\t\t\t\t<div class=\"elementor-widget-container\">\n\t\t\t\t\t    <div class=\"eael-pricing style-1 eael-header-devider\">\n                    <div class=\"eael-pricing-item featured ribbon-3\">\n                <div class=\"header\">\n                    <h2 class=\"title\">ENDURO PRO<\/h2>\n                <\/div>\n                <div class=\"eael-pricing-tag\">\n                    <span class=\"price-tag\"><span class=\"original-price\"><span class=\"price-currency\"><\/span>10% de descuento en repuestos y accesorios<br><br>5% de descuento en la compra de motos al contado<\/span><\/span><span class=\"price-period\"><\/span>                <\/div>\n                <div class=\"body\">\n                            <ul>\n                            <li class=\"eael-pricing-item-feature elementor-repeater-item-32d3760\">\n                    \n                    \n                    <span >Chacabuco 10, San Felipe<\/span>\n                    \n                     \n                <\/li>\n                    <\/ul>\n                    <\/div>\n                            <\/div>\n                    <\/div>\n    \t\t\t\t<\/div>\n\t\t\t\t<\/div>\n\t\t\t\t<\/div>\n\t\t<div class=\"elementor-element elementor-element-95cb2ea e-con-full e-flex e-con e-child\" data-id=\"95cb2ea\" data-element_type=\"container\" data-e-type=\"container\">\n\t\t\t\t<div class=\"elementor-element elementor-element-5639fd0 eael-pricing-content-align-left eael-pricing-button-align-left elementor-widget elementor-widget-eael-pricing-table\" data-id=\"5639fd0\" data-element_type=\"widget\" data-e-type=\"widget\" data-widget_type=\"eael-pricing-table.default\">\n\t\t\t\t<div class=\"elementor-widget-container\">\n\t\t\t\t\t    <div class=\"eael-pricing style-1 eael-header-devider\">\n                    <div class=\"eael-pricing-item featured ribbon-3\">\n                <div class=\"header\">\n                    <h2 class=\"title\">GYM CHRONOS BOX<\/h2>\n                <\/div>\n                <div class=\"eael-pricing-tag\">\n                    <span class=\"price-tag\"><span class=\"original-price\"><span class=\"price-currency\"><\/span>15% de descuento en clases de GAP Y CROSSFIT en alumnos nuevos<br><br>3 d\u00edas de prueba gratuita para los socios<\/span><\/span><span class=\"price-period\"><\/span>                <\/div>\n                <div class=\"body\">\n                            <ul>\n                            <li class=\"eael-pricing-item-feature elementor-repeater-item-32d3760\">\n                    \n                    \n                    <span >Direcci\u00f3n: Toro Mazote N\u00b01402, San Felipe<\/span>\n                    \n                     \n                <\/li>\n                            <li class=\"eael-pricing-item-feature elementor-repeater-item-fa7f7a0\">\n                    \n                    \n                    <span >Tel\u00e9fono +56 9 7859 1587<\/span>\n                    \n                     \n                <\/li>\n                    <\/ul>\n                    <\/div>\n                            <\/div>\n                    <\/div>\n    \t\t\t\t<\/div>\n\t\t\t\t<\/div>\n\t\t\t\t<\/div>\n\t\t<div class=\"elementor-element elementor-element-d7be357 e-con-full e-flex e-con e-child\" data-id=\"d7be357\" data-element_type=\"container\" data-e-type=\"container\">\n\t\t\t\t<div class=\"elementor-element elementor-element-1995e89 eael-pricing-content-align-left eael-pricing-button-align-left elementor-widget__width-initial elementor-widget elementor-widget-eael-pricing-table\" data-id=\"1995e89\" data-element_type=\"widget\" data-e-type=\"widget\" data-widget_type=\"eael-pricing-table.default\">\n\t\t\t\t<div class=\"elementor-widget-container\">\n\t\t\t\t\t    <div class=\"eael-pricing style-1 eael-header-devider\">\n                    <div class=\"eael-pricing-item featured ribbon-3\">\n                <div class=\"header\">\n                    <h2 class=\"title\">CASA ANNY<\/h2>\n                <\/div>\n                <div class=\"eael-pricing-tag\">\n                    <span class=\"price-tag\"><span class=\"original-price\"><span class=\"price-currency\"><\/span>10% de descuento en calzado, vestuario y accesorios<br><br>5% de descuento en m\u00e1quinas de ejercicios y bicicletas<\/span><\/span><span class=\"price-period\"><\/span>                <\/div>\n                <div class=\"body\">\n                            <ul>\n                            <li class=\"eael-pricing-item-feature elementor-repeater-item-12d72e0\">\n                    \n                    \n                    <span >En San Felipe, Los Andes y La Ligua<\/span>\n                    \n                     \n                <\/li>\n                    <\/ul>\n                    <\/div>\n                            <\/div>\n                    <\/div>\n    \t\t\t\t<\/div>\n\t\t\t\t<\/div>\n\t\t\t\t<\/div>\n\t\t\t\t\t<\/div>\n\t\t\t\t<\/div>\n\t\t<div class=\"elementor-element elementor-element-f723f17 e-flex e-con-boxed e-con e-parent\" data-id=\"f723f17\" data-element_type=\"container\" data-e-type=\"container\" data-settings=\"{&quot;background_background&quot;:&quot;classic&quot;}\">\n\t\t\t\t\t<div class=\"e-con-inner\">\n\t\t<div class=\"elementor-element elementor-element-a8476f0 e-con-full e-flex e-con e-child\" data-id=\"a8476f0\" data-element_type=\"container\" data-e-type=\"container\">\n\t\t\t\t<div class=\"elementor-element elementor-element-f3db078 eael-pricing-content-align-left eael-pricing-button-align-left elementor-widget elementor-widget-eael-pricing-table\" data-id=\"f3db078\" data-element_type=\"widget\" data-e-type=\"widget\" data-widget_type=\"eael-pricing-table.default\">\n\t\t\t\t<div class=\"elementor-widget-container\">\n\t\t\t\t\t    <div class=\"eael-pricing style-1 eael-header-devider\">\n                    <div class=\"eael-pricing-item featured ribbon-3\">\n                <div class=\"header\">\n                    <h2 class=\"title\">OPTICA TERESA<\/h2>\n                <\/div>\n                <div class=\"eael-pricing-tag\">\n                    <span class=\"price-tag\"><span class=\"original-price\"><span class=\"price-currency\"><\/span>10% de descuento para socios<\/span><\/span><span class=\"price-period\"><\/span>                <\/div>\n                <div class=\"body\">\n                            <ul>\n                            <li class=\"eael-pricing-item-feature elementor-repeater-item-32d3760\">\n                    \n                    \n                    <span >Traslavi\u00f1a 1376, San Felipe<\/span>\n                    \n                     \n                <\/li>\n                    <\/ul>\n                    <\/div>\n                            <\/div>\n                    <\/div>\n    \t\t\t\t<\/div>\n\t\t\t\t<\/div>\n\t\t\t\t<\/div>\n\t\t<div class=\"elementor-element elementor-element-e6441de e-con-full e-flex e-con e-child\" data-id=\"e6441de\" data-element_type=\"container\" data-e-type=\"container\">\n\t\t\t\t<div class=\"elementor-element elementor-element-952c3ab eael-pricing-content-align-left eael-pricing-button-align-left elementor-widget elementor-widget-eael-pricing-table\" data-id=\"952c3ab\" data-element_type=\"widget\" data-e-type=\"widget\" data-widget_type=\"eael-pricing-table.default\">\n\t\t\t\t<div class=\"elementor-widget-container\">\n\t\t\t\t\t    <div class=\"eael-pricing style-1 eael-header-devider\">\n                    <div class=\"eael-pricing-item featured ribbon-3\">\n                <div class=\"header\">\n                    <h2 class=\"title\">Englishland Institute<\/h2>\n                <\/div>\n                <div class=\"eael-pricing-tag\">\n                    <span class=\"price-tag\"><span class=\"original-price\"><span class=\"price-currency\"><\/span>\ud83d\udd38Clases Presenciales y Privadas v\u00eda Zoom <br> \ud83d\udd38Clases Grupales con Flexibilidad de Horarios<br>  \ud83d\udd38Metodolog\u00eda Innovadora: Task-Learning-Task <br> \ud83d\udd38Talleres de Speaking para Practicar el Idioma<br>  \ud83d\udd38Descuentos Considerables para Socios y sus Familiares<\/span><\/span><span class=\"price-period\"><\/span>                <\/div>\n                <div class=\"body\">\n                            <ul>\n                            <li class=\"eael-pricing-item-feature elementor-repeater-item-32d3760\">\n                    \n                    \n                    <span ><\/span>\n                    \n                     \n                <\/li>\n                    <\/ul>\n                    <\/div>\n                                <div class=\"footer\">\n                    <a class=\"eael-pricing-button\" href=\"https:\/\/englishland.global\/englishland\/\" target=\"_blank\" >\n                                                                                M\u00e1s Informaci\u00f3n                                            <\/a>\n                <\/div>\n                            <\/div>\n                    <\/div>\n    \t\t\t\t<\/div>\n\t\t\t\t<\/div>\n\t\t\t\t<\/div>\n\t\t<div class=\"elementor-element elementor-element-685f86a e-con-full e-flex e-con e-child\" data-id=\"685f86a\" data-element_type=\"container\" data-e-type=\"container\">\n\t\t\t\t<div class=\"elementor-element elementor-element-6d6735d eael-pricing-content-align-left eael-pricing-button-align-left elementor-widget elementor-widget-eael-pricing-table\" data-id=\"6d6735d\" data-element_type=\"widget\" data-e-type=\"widget\" data-widget_type=\"eael-pricing-table.default\">\n\t\t\t\t<div class=\"elementor-widget-container\">\n\t\t\t\t\t    <div class=\"eael-pricing style-1 eael-header-devider\">\n                    <div class=\"eael-pricing-item featured ribbon-3\">\n                <div class=\"header\">\n                    <h2 class=\"title\">LABORATORIO CLINICO SAN MARTIN<\/h2>\n                <\/div>\n                <div class=\"eael-pricing-tag\">\n                    <span class=\"price-tag\"><span class=\"original-price\"><span class=\"price-currency\"><\/span>10% de rebaja en el copago total de las prestaciones para todos los ex\u00e1menes de laboratorio, independiente del sistema de salud que posee el socio (Fonasa, Isapre o Particular)<\/span><\/span><span class=\"price-period\"><\/span>                <\/div>\n                <div class=\"body\">\n                            <ul>\n                            <li class=\"eael-pricing-item-feature elementor-repeater-item-12d72e0\">\n                    \n                    \n                    <span >San Mart\u00edn 731, San Felipe<\/span>\n                    \n                     \n                <\/li>\n                    <\/ul>\n                    <\/div>\n                            <\/div>\n                    <\/div>\n    \t\t\t\t<\/div>\n\t\t\t\t<\/div>\n\t\t\t\t<\/div>\n\t\t<div class=\"elementor-element elementor-element-3242d6f e-con-full e-flex e-con e-child\" data-id=\"3242d6f\" data-element_type=\"container\" data-e-type=\"container\">\n\t\t\t\t<div class=\"elementor-element elementor-element-5d8f721 eael-pricing-content-align-left eael-pricing-button-align-left elementor-widget elementor-widget-eael-pricing-table\" data-id=\"5d8f721\" data-element_type=\"widget\" data-e-type=\"widget\" data-widget_type=\"eael-pricing-table.default\">\n\t\t\t\t<div class=\"elementor-widget-container\">\n\t\t\t\t\t    <div class=\"eael-pricing style-1 eael-header-devider\">\n                    <div class=\"eael-pricing-item featured ribbon-3\">\n                <div class=\"header\">\n                    <h2 class=\"title\">ESCUELA NACIONAL DE CONDUCTORES<\/h2>\n                <\/div>\n                <div class=\"eael-pricing-tag\">\n                    <span class=\"price-tag\"><span class=\"original-price\"><span class=\"price-currency\"><\/span>15% de descuento en cursos impartidos por la Escuela<\/span><\/span><span class=\"price-period\"><\/span>                <\/div>\n                <div class=\"body\">\n                            <ul>\n                            <li class=\"eael-pricing-item-feature elementor-repeater-item-32d3760\">\n                    \n                    \n                    <span ><\/span>\n                    \n                     \n                <\/li>\n                    <\/ul>\n                    <\/div>\n                                <div class=\"footer\">\n                    <a class=\"eael-pricing-button\" href=\"http:\/\/www.enacconductores.cl\" target=\"_blank\" >\n                                                                                www.enacconductores.cl                                            <\/a>\n                <\/div>\n                            <\/div>\n                    <\/div>\n    \t\t\t\t<\/div>\n\t\t\t\t<\/div>\n\t\t\t\t<\/div>\n\t\t\t\t\t<\/div>\n\t\t\t\t<\/div>\n\t\t<div class=\"elementor-element elementor-element-f076fc1 e-flex e-con-boxed e-con e-parent\" data-id=\"f076fc1\" data-element_type=\"container\" data-e-type=\"container\" data-settings=\"{&quot;background_background&quot;:&quot;classic&quot;}\">\n\t\t\t\t\t<div class=\"e-con-inner\">\n\t\t<div class=\"elementor-element elementor-element-46d8244 e-con-full e-flex e-con e-child\" data-id=\"46d8244\" data-element_type=\"container\" data-e-type=\"container\">\n\t\t\t\t<div class=\"elementor-element elementor-element-d90d6eb eael-pricing-content-align-left eael-pricing-button-align-left elementor-widget elementor-widget-eael-pricing-table\" data-id=\"d90d6eb\" data-element_type=\"widget\" data-e-type=\"widget\" data-widget_type=\"eael-pricing-table.default\">\n\t\t\t\t<div class=\"elementor-widget-container\">\n\t\t\t\t\t    <div class=\"eael-pricing style-1 eael-header-devider\">\n                    <div class=\"eael-pricing-item featured ribbon-3\">\n                <div class=\"header\">\n                    <h2 class=\"title\">HEAL MED LTDA<\/h2>\n                <\/div>\n                <div class=\"eael-pricing-tag\">\n                    <span class=\"price-tag\"><span class=\"original-price\"><span class=\"price-currency\"><\/span>Insumos m\u00e9dicos y ortopedia<br><br>12% descuento para compras menores a $299.000.-<br><br>15% descuento para compras superiores a $300.000.-<\/span><\/span><span class=\"price-period\"><\/span>                <\/div>\n                <div class=\"body\">\n                            <ul>\n                            <li class=\"eael-pricing-item-feature elementor-repeater-item-32d3760\">\n                    \n                    \n                    <span ><\/span>\n                    \n                     \n                <\/li>\n                    <\/ul>\n                    <\/div>\n                                <div class=\"footer\">\n                    <a class=\"eael-pricing-button\" href=\"http:\/\/www.healmed.cl\" target=\"_blank\" >\n                                                                                WWW.HEALMED.CL                                            <\/a>\n                <\/div>\n                            <\/div>\n                    <\/div>\n    \t\t\t\t<\/div>\n\t\t\t\t<\/div>\n\t\t\t\t<\/div>\n\t\t<div class=\"elementor-element elementor-element-dad7a94 e-con-full e-flex e-con e-child\" data-id=\"dad7a94\" data-element_type=\"container\" data-e-type=\"container\">\n\t\t\t\t<div class=\"elementor-element elementor-element-8390b31 eael-pricing-content-align-left eael-pricing-button-align-left elementor-widget elementor-widget-eael-pricing-table\" data-id=\"8390b31\" data-element_type=\"widget\" data-e-type=\"widget\" data-widget_type=\"eael-pricing-table.default\">\n\t\t\t\t<div class=\"elementor-widget-container\">\n\t\t\t\t\t    <div class=\"eael-pricing style-1 eael-header-devider\">\n                    <div class=\"eael-pricing-item featured ribbon-3\">\n                <div class=\"header\">\n                    <h2 class=\"title\">CFT LAPLACE<\/h2>\n                <\/div>\n                <div class=\"eael-pricing-tag\">\n                    <span class=\"price-tag\"><span class=\"original-price\"><span class=\"price-currency\"><\/span>Hasta 50% de descuento en matr\u00edculas<br><br>Hasta 20% de descuento en aranceles<\/span><\/span><span class=\"price-period\"><\/span>                <\/div>\n                <div class=\"body\">\n                            <ul>\n                            <li class=\"eael-pricing-item-feature elementor-repeater-item-32d3760\">\n                    \n                    \n                    <span ><\/span>\n                    \n                     \n                <\/li>\n                    <\/ul>\n                    <\/div>\n                                <div class=\"footer\">\n                    <a class=\"eael-pricing-button\" href=\"https:\/\/www.cftlaplace.cl\/\" target=\"_blank\" >\n                                                                                www.cftlaplace.cl                                            <\/a>\n                <\/div>\n                            <\/div>\n                    <\/div>\n    \t\t\t\t<\/div>\n\t\t\t\t<\/div>\n\t\t\t\t<\/div>\n\t\t<div class=\"elementor-element elementor-element-23d3b6f e-con-full e-flex e-con e-child\" data-id=\"23d3b6f\" data-element_type=\"container\" data-e-type=\"container\">\n\t\t\t\t<div class=\"elementor-element elementor-element-f4c61a5 eael-pricing-content-align-left eael-pricing-button-align-left elementor-widget elementor-widget-eael-pricing-table\" data-id=\"f4c61a5\" data-element_type=\"widget\" data-e-type=\"widget\" data-widget_type=\"eael-pricing-table.default\">\n\t\t\t\t<div class=\"elementor-widget-container\">\n\t\t\t\t\t    <div class=\"eael-pricing style-1 eael-header-devider\">\n                    <div class=\"eael-pricing-item featured ribbon-3\">\n                <div class=\"header\">\n                    <h2 class=\"title\">Instituto Profesional Libertador de los Andes<\/h2>\n                <\/div>\n                <div class=\"eael-pricing-tag\">\n                    <span class=\"price-tag\"><span class=\"original-price\"><span class=\"price-currency\"><\/span>Beca 10% en todas las carreras.<br><br>Beneficio para socios e hijos de socios.<\/span><\/span><span class=\"price-period\"><\/span>                <\/div>\n                <div class=\"body\">\n                            <ul>\n                            <li class=\"eael-pricing-item-feature elementor-repeater-item-32d3760\">\n                    \n                    \n                    <span ><\/span>\n                    \n                     \n                <\/li>\n                    <\/ul>\n                    <\/div>\n                                <div class=\"footer\">\n                    <a class=\"eael-pricing-button\" href=\"http:\/\/www.ipla.cl\" target=\"_blank\" >\n                                                                                www.ipla.cl                                            <\/a>\n                <\/div>\n                            <\/div>\n                    <\/div>\n    \t\t\t\t<\/div>\n\t\t\t\t<\/div>\n\t\t\t\t<\/div>\n\t\t<div class=\"elementor-element elementor-element-928c9de e-con-full e-flex e-con e-child\" data-id=\"928c9de\" data-element_type=\"container\" data-e-type=\"container\">\n\t\t\t\t<div class=\"elementor-element elementor-element-6a4a8a1 eael-pricing-content-align-left eael-pricing-button-align-left elementor-widget elementor-widget-eael-pricing-table\" data-id=\"6a4a8a1\" data-element_type=\"widget\" data-e-type=\"widget\" data-widget_type=\"eael-pricing-table.default\">\n\t\t\t\t<div class=\"elementor-widget-container\">\n\t\t\t\t\t    <div class=\"eael-pricing style-1 eael-header-devider\">\n                    <div class=\"eael-pricing-item featured ribbon-3\">\n                <div class=\"header\">\n                    <h2 class=\"title\">OPTICA VERGARA y TORO LTDA<\/h2>\n                <\/div>\n                <div class=\"eael-pricing-tag\">\n                    <span class=\"price-tag\"><span class=\"original-price\"><span class=\"price-currency\"><\/span>12% Descuento en compra lente \u00f3ptico completo (marco y cristales)<br><br>12% Descuento en compra de cristales<br><br>12% Descuento en compra de aud\u00edfonos (presentar examen de audiometr\u00eda)<\/span><\/span><span class=\"price-period\"><\/span>                <\/div>\n                <div class=\"body\">\n                            <ul>\n                            <li class=\"eael-pricing-item-feature elementor-repeater-item-32d3760\">\n                    \n                    \n                    <span ><\/span>\n                    \n                     \n                <\/li>\n                    <\/ul>\n                    <\/div>\n                            <\/div>\n                    <\/div>\n    \t\t\t\t<\/div>\n\t\t\t\t<\/div>\n\t\t\t\t<\/div>\n\t\t\t\t\t<\/div>\n\t\t\t\t<\/div>\n\t\t<div class=\"elementor-element elementor-element-c1d7a16 e-con-full e-flex e-con e-parent\" data-id=\"c1d7a16\" data-element_type=\"container\" data-e-type=\"container\" data-settings=\"{&quot;background_background&quot;:&quot;classic&quot;}\">\n\t\t<div class=\"elementor-element elementor-element-444c563 e-con-full e-flex e-con e-child\" data-id=\"444c563\" data-element_type=\"container\" data-e-type=\"container\">\n\t\t\t\t<div class=\"elementor-element elementor-element-4389124 eael-pricing-content-align-left eael-pricing-button-align-left elementor-widget elementor-widget-eael-pricing-table\" data-id=\"4389124\" data-element_type=\"widget\" data-e-type=\"widget\" data-widget_type=\"eael-pricing-table.default\">\n\t\t\t\t<div class=\"elementor-widget-container\">\n\t\t\t\t\t    <div class=\"eael-pricing style-1 eael-header-devider\">\n                    <div class=\"eael-pricing-item featured ribbon-3\">\n                <div class=\"header\">\n                    <h2 class=\"title\">Universidad de Aconcagua<\/h2>\n                <\/div>\n                <div class=\"eael-pricing-tag\">\n                    <span class=\"price-tag\"><span class=\"original-price\"><span class=\"price-currency\"><\/span>15% descuento todas las carreras profesionales y t\u00e9cnicas.<br><br>Beneficio para socios, c\u00f3nyuges e hijos de socios.<\/span><\/span><span class=\"price-period\"><\/span>                <\/div>\n                <div class=\"body\">\n                            <ul>\n                            <li class=\"eael-pricing-item-feature elementor-repeater-item-32d3760\">\n                    \n                    \n                    <span ><\/span>\n                    \n                     \n                <\/li>\n                    <\/ul>\n                    <\/div>\n                                <div class=\"footer\">\n                    <a class=\"eael-pricing-button\" href=\"https:\/\/uac.cl\/\" target=\"_blank\" >\n                                                                                www.uac.cl                                            <\/a>\n                <\/div>\n                            <\/div>\n                    <\/div>\n    \t\t\t\t<\/div>\n\t\t\t\t<\/div>\n\t\t\t\t<\/div>\n\t\t<div class=\"elementor-element elementor-element-cb6d23d e-con-full e-flex e-con e-child\" data-id=\"cb6d23d\" data-element_type=\"container\" data-e-type=\"container\">\n\t\t\t\t<div class=\"elementor-element elementor-element-531683f eael-pricing-content-align-left eael-pricing-button-align-left elementor-widget elementor-widget-eael-pricing-table\" data-id=\"531683f\" data-element_type=\"widget\" data-e-type=\"widget\" data-widget_type=\"eael-pricing-table.default\">\n\t\t\t\t<div class=\"elementor-widget-container\">\n\t\t\t\t\t    <div class=\"eael-pricing style-1 eael-header-devider\">\n                    <div class=\"eael-pricing-item featured ribbon-3\">\n                <div class=\"header\">\n                    <h2 class=\"title\">Farmacia nueva moderna<\/h2>\n                <\/div>\n                <div class=\"eael-pricing-tag\">\n                    <span class=\"price-tag\"><span class=\"original-price\"><span class=\"price-currency\"><\/span>10% descuento para todo tipo de medicamentos y art\u00edculos en general que comercialice la farmacia.<\/span><\/span><span class=\"price-period\"><\/span>                <\/div>\n                <div class=\"body\">\n                            <ul>\n                            <li class=\"eael-pricing-item-feature elementor-repeater-item-12d72e0\">\n                    \n                    \n                    <span ><\/span>\n                    \n                     \n                <\/li>\n                    <\/ul>\n                    <\/div>\n                            <\/div>\n                    <\/div>\n    \t\t\t\t<\/div>\n\t\t\t\t<\/div>\n\t\t\t\t<\/div>\n\t\t<div class=\"elementor-element elementor-element-3e8ecf3 e-con-full e-flex e-con e-child\" data-id=\"3e8ecf3\" data-element_type=\"container\" data-e-type=\"container\">\n\t\t\t\t<div class=\"elementor-element elementor-element-85838a7 eael-pricing-content-align-left eael-pricing-button-align-left elementor-widget elementor-widget-eael-pricing-table\" data-id=\"85838a7\" data-element_type=\"widget\" data-e-type=\"widget\" data-widget_type=\"eael-pricing-table.default\">\n\t\t\t\t<div class=\"elementor-widget-container\">\n\t\t\t\t\t    <div class=\"eael-pricing style-1 eael-header-devider\">\n                    <div class=\"eael-pricing-item featured ribbon-3\">\n                <div class=\"header\">\n                    <h2 class=\"title\">Odonto-Medico Integral LTDA<\/h2>\n                <\/div>\n                <div class=\"eael-pricing-tag\">\n                    <span class=\"price-tag\"><span class=\"original-price\"><span class=\"price-currency\"><\/span>40% de descuento en prestaciones dentales, diagn\u00f3stico y presupuesto sin costo (no incluye radiograf\u00edas), y beneficios sin tope sobre el monto del tratamiento. No acumulable con otras promociones ni v\u00e1lido en implantes, insumos, ortodoncia o trabajos de laboratorio.<\/span><\/span><span class=\"price-period\"><\/span>                <\/div>\n                <div class=\"body\">\n                            <ul>\n                            <li class=\"eael-pricing-item-feature elementor-repeater-item-0b365d1\">\n                    \n                    \n                    <span >Direcci\u00f3n:<\/span>\n                    \n                     \n                <\/li>\n                            <li class=\"eael-pricing-item-feature elementor-repeater-item-69ee1fb\">\n                    \n                    \n                    <span >Toromazote N\u00ba 1011, San Felipe<\/span>\n                    \n                     \n                <\/li>\n                            <li class=\"eael-pricing-item-feature elementor-repeater-item-1a6700f\">\n                    \n                    \n                    <span >Ignacio Carrera Pinto N\u00ba 272, LLay Llay<\/span>\n                    \n                     \n                <\/li>\n                    <\/ul>\n                    <\/div>\n                                <div class=\"footer\">\n                    <a class=\"eael-pricing-button\" href=\"https:\/\/odontomedico.cl\/\" target=\"_blank\" >\n                                                                                odontomedico.cl                                            <\/a>\n                <\/div>\n                            <\/div>\n                    <\/div>\n    \t\t\t\t<\/div>\n\t\t\t\t<\/div>\n\t\t\t\t<\/div>\n\t\t<div class=\"elementor-element elementor-element-3166022 e-con-full e-flex e-con e-child\" data-id=\"3166022\" data-element_type=\"container\" data-e-type=\"container\">\n\t\t\t\t<div class=\"elementor-element elementor-element-b7c8304 eael-pricing-content-align-left eael-pricing-button-align-left elementor-widget__width-initial elementor-widget elementor-widget-eael-pricing-table\" data-id=\"b7c8304\" data-element_type=\"widget\" data-e-type=\"widget\" data-widget_type=\"eael-pricing-table.default\">\n\t\t\t\t<div class=\"elementor-widget-container\">\n\t\t\t\t\t    <div class=\"eael-pricing style-1 eael-header-devider\">\n                    <div class=\"eael-pricing-item featured ribbon-3\">\n                <div class=\"header\">\n                    <h2 class=\"title\">Ar Dental<\/h2>\n                <\/div>\n                <div class=\"eael-pricing-tag\">\n                    <span class=\"price-tag\"><span class=\"original-price\"><span class=\"price-currency\"><\/span>Presupuesto sin costo en consultas odontol\u00f3gicas en general.<br><br>15% Descuento sobre el arancel de la clinica AR-dental a\u00f1o 2018 en todas las especialidades.<\/span><\/span><span class=\"price-period\"><\/span>                <\/div>\n                <div class=\"body\">\n                            <ul>\n                            <li class=\"eael-pricing-item-feature elementor-repeater-item-32d3760\">\n                    \n                    \n                    <span >Direcci\u00f3n: Calle Arturo Prat N\u00ba283, San Felipe.<\/span>\n                    \n                     \n                <\/li>\n                    <\/ul>\n                    <\/div>\n                            <\/div>\n                    <\/div>\n    \t\t\t\t<\/div>\n\t\t\t\t<\/div>\n\t\t\t\t<\/div>\n\t\t\t\t<\/div>\n\t\t<div class=\"elementor-element elementor-element-c6d9645 e-con-full e-flex e-con e-parent\" data-id=\"c6d9645\" data-element_type=\"container\" data-e-type=\"container\" data-settings=\"{&quot;background_background&quot;:&quot;classic&quot;}\">\n\t\t<div class=\"elementor-element elementor-element-f41c3f1 e-con-full e-flex e-con e-child\" data-id=\"f41c3f1\" data-element_type=\"container\" data-e-type=\"container\">\n\t\t\t\t<div class=\"elementor-element elementor-element-1ccd53c eael-pricing-content-align-left eael-pricing-button-align-left elementor-widget__width-initial elementor-widget-laptop__width-initial elementor-widget-tablet__width-initial elementor-widget-mobile__width-initial elementor-widget elementor-widget-eael-pricing-table\" data-id=\"1ccd53c\" data-element_type=\"widget\" data-e-type=\"widget\" data-widget_type=\"eael-pricing-table.default\">\n\t\t\t\t<div class=\"elementor-widget-container\">\n\t\t\t\t\t    <div class=\"eael-pricing style-1 eael-header-devider\">\n                    <div class=\"eael-pricing-item featured ribbon-3\">\n                <div class=\"header\">\n                    <h2 class=\"title\">DENTIMAGEN<\/h2>\n                <\/div>\n                <div class=\"eael-pricing-tag\">\n                    <span class=\"price-tag\"><span class=\"original-price\"><span class=\"price-currency\"><\/span>Descuento de hasta un 60% del valor del arancel referencial de DENTIMAGEN de las prestaciones y atenciones odontol\u00f3gicas.<\/span><\/span><span class=\"price-period\"><\/span>                <\/div>\n                <div class=\"body\">\n                            <ul>\n                            <li class=\"eael-pricing-item-feature elementor-repeater-item-32d3760\">\n                    \n                    \n                    <span ><\/span>\n                    \n                     \n                <\/li>\n                    <\/ul>\n                    <\/div>\n                                <div class=\"footer\">\n                    <a class=\"eael-pricing-button\" href=\"https:\/\/www.dentimagen.cl\/cl\/\" target=\"_blank\" >\n                                                                                M\u00c1S INFORMACI\u00d3N                                            <\/a>\n                <\/div>\n                            <\/div>\n                    <\/div>\n    \t\t\t\t<\/div>\n\t\t\t\t<\/div>\n\t\t\t\t<\/div>\n\t\t<div class=\"elementor-element elementor-element-7b81121 e-con-full e-flex e-con e-child\" data-id=\"7b81121\" data-element_type=\"container\" data-e-type=\"container\">\n\t\t\t\t<div class=\"elementor-element elementor-element-aafa430 eael-pricing-content-align-left eael-pricing-button-align-left elementor-widget__width-initial elementor-widget-laptop__width-initial elementor-widget-tablet__width-initial elementor-widget elementor-widget-eael-pricing-table\" data-id=\"aafa430\" data-element_type=\"widget\" data-e-type=\"widget\" data-widget_type=\"eael-pricing-table.default\">\n\t\t\t\t<div class=\"elementor-widget-container\">\n\t\t\t\t\t    <div class=\"eael-pricing style-1 eael-header-devider\">\n                    <div class=\"eael-pricing-item featured ribbon-3\">\n                <div class=\"header\">\n                    <h2 class=\"title\">Centro Odontol\u00f3gico SE-DENT<\/h2>\n                <\/div>\n                <div class=\"eael-pricing-tag\">\n                    <span class=\"price-tag\"><span class=\"original-price\"><span class=\"price-currency\"><\/span>Presupuesto gratuito para los socios.<br><br>60% Descuento del arancel de Colegio de Dentistas De Chile<\/span><\/span><span class=\"price-period\"><\/span>                <\/div>\n                <div class=\"body\">\n                            <ul>\n                            <li class=\"eael-pricing-item-feature elementor-repeater-item-32d3760\">\n                    \n                    \n                    <span ><\/span>\n                    \n                     \n                <\/li>\n                    <\/ul>\n                    <\/div>\n                            <\/div>\n                    <\/div>\n    \t\t\t\t<\/div>\n\t\t\t\t<\/div>\n\t\t\t\t<\/div>\n\t\t<div class=\"elementor-element elementor-element-fe18131 e-con-full e-flex e-con e-child\" data-id=\"fe18131\" data-element_type=\"container\" data-e-type=\"container\">\n\t\t\t\t<div class=\"elementor-element elementor-element-a97b26f eael-pricing-content-align-left eael-pricing-button-align-left elementor-widget__width-initial elementor-widget elementor-widget-eael-pricing-table\" data-id=\"a97b26f\" data-element_type=\"widget\" data-e-type=\"widget\" data-widget_type=\"eael-pricing-table.default\">\n\t\t\t\t<div class=\"elementor-widget-container\">\n\t\t\t\t\t    <div class=\"eael-pricing style-1 eael-header-devider\">\n                    <div class=\"eael-pricing-item featured ribbon-3\">\n                <div class=\"header\">\n                    <h2 class=\"title\">LIBRER\u00cdA COMERCIAL<\/h2>\n                <\/div>\n                <div class=\"eael-pricing-tag\">\n                    <span class=\"price-tag\"><span class=\"original-price\"><span class=\"price-currency\"><\/span>Desde 5% a 10% de descuento sobre precio de lista en mercader\u00eda  NO incluye productos en oferta, ni textos escolares  En sucursales de San Felipe y Los Andes<\/span><\/span><span class=\"price-period\"><\/span>                <\/div>\n                <div class=\"body\">\n                            <ul>\n                            <li class=\"eael-pricing-item-feature elementor-repeater-item-32d3760\">\n                    \n                    \n                    <span ><\/span>\n                    \n                     \n                <\/li>\n                    <\/ul>\n                    <\/div>\n                                <div class=\"footer\">\n                    <a class=\"eael-pricing-button\" href=\"http:\/\/@libreria_comercial\" target=\"_blank\" >\n                                                                                Mas Informaci\u00f3n                                            <\/a>\n                <\/div>\n                            <\/div>\n                    <\/div>\n    \t\t\t\t<\/div>\n\t\t\t\t<\/div>\n\t\t\t\t<\/div>\n\t\t<div class=\"elementor-element elementor-element-2b6eb4e e-con-full e-flex e-con e-child\" data-id=\"2b6eb4e\" data-element_type=\"container\" data-e-type=\"container\">\n\t\t\t\t<div class=\"elementor-element elementor-element-66a3b5c eael-pricing-content-align-left eael-pricing-button-align-left elementor-widget elementor-widget-eael-pricing-table\" data-id=\"66a3b5c\" data-element_type=\"widget\" data-e-type=\"widget\" data-widget_type=\"eael-pricing-table.default\">\n\t\t\t\t<div class=\"elementor-widget-container\">\n\t\t\t\t\t    <div class=\"eael-pricing style-1 eael-header-devider\">\n                    <div class=\"eael-pricing-item featured ribbon-3\">\n                <div class=\"header\">\n                    <h2 class=\"title\">LUNA CHIC<\/h2>\n                <\/div>\n                <div class=\"eael-pricing-tag\">\n                    <span class=\"price-tag\"><span class=\"original-price\"><span class=\"price-currency\"><\/span>Tienda de ventas de cosm\u00e9ticos y gran variedad de bisuter\u00eda de  buena calidad a los mejores precios y accesible para todas las personas.  - Compras sobre $5.000.- un descuento de un 5% del total de la compra.  - Compras sobre $10.000.-  un descuento de un 10% del total de la compra.<\/span><\/span><span class=\"price-period\"><\/span>                <\/div>\n                <div class=\"body\">\n                            <ul>\n                            <li class=\"eael-pricing-item-feature elementor-repeater-item-32d3760\">\n                    \n                    \n                    <span >Ubicaci\u00f3n: Calle Prat N\u00b0723 local 25 Boulevard, San Felipe<\/span>\n                    \n                     \n                <\/li>\n                    <\/ul>\n                    <\/div>\n                                <div class=\"footer\">\n                    <a class=\"eael-pricing-button\" href=\"http:\/\/@lunachic11\" target=\"_blank\" >\n                                                                                M\u00c1S INFORMACI\u00d3N                                            <\/a>\n                <\/div>\n                            <\/div>\n                    <\/div>\n    \t\t\t\t<\/div>\n\t\t\t\t<\/div>\n\t\t\t\t<\/div>\n\t\t\t\t<\/div>\n\t\t\t\t<\/div>\n\t\t","protected":false},"excerpt":{"rendered":"<p>Sanfecoop Convenios NEUROVIDA CENTER Centro especializado en audiolog\u00eda y neurorehabilitaci\u00f3n en Putaendo. Nuestros socios al d\u00eda acceden a descuentos preferenciales [&hellip;]<\/p>\n","protected":false},"author":1,"featured_media":0,"parent":0,"menu_order":0,"comment_status":"closed","ping_status":"closed","template":"","meta":{"site-sidebar-layout":"no-sidebar","site-content-layout":"","ast-site-content-layout":"full-width-container","site-content-style":"default","site-sidebar-style":"default","ast-global-header-display":"","ast-banner-title-visibility":"","ast-main-header-display":"","ast-hfb-above-header-display":"","ast-hfb-below-header-display":"","ast-hfb-mobile-header-display":"","site-post-title":"disabled","ast-breadcrumbs-content":"","ast-featured-img":"disabled","footer-sml-layout":"","ast-disable-related-posts":"","theme-transparent-header-meta":"","adv-header-id-meta":"","stick-header-meta":"","header-above-stick-meta":"","header-main-stick-meta":"","header-below-stick-meta":"","astra-migrate-meta-layouts":"default","ast-page-background-enabled":"default","ast-page-background-meta":{"desktop":{"background-color":"var(--ast-global-color-4)","background-image":"","background-repeat":"repeat","background-position":"center center","background-size":"auto","background-attachment":"scroll","background-type":"","background-media":"","overlay-type":"","overlay-color":"","overlay-opacity":"","overlay-gradient":""},"tablet":{"background-color":"","background-image":"","background-repeat":"repeat","background-position":"center center","background-size":"auto","background-attachment":"scroll","background-type":"","background-media":"","overlay-type":"","overlay-color":"","overlay-opacity":"","overlay-gradient":""},"mobile":{"background-color":"","background-image":"","background-repeat":"repeat","background-position":"center center","background-size":"auto","background-attachment":"scroll","background-type":"","background-media":"","overlay-type":"","overlay-color":"","overlay-opacity":"","overlay-gradient":""}},"ast-content-background-meta":{"desktop":{"background-color":"var(--ast-global-color-5)","background-image":"","background-repeat":"repeat","background-position":"center center","background-size":"auto","background-attachment":"scroll","background-type":"","background-media":"","overlay-type":"","overlay-color":"","overlay-opacity":"","overlay-gradient":""},"tablet":{"background-color":"var(--ast-global-color-5)","background-image":"","background-repeat":"repeat","background-position":"center center","background-size":"auto","background-attachment":"scroll","background-type":"","background-media":"","overlay-type":"","overlay-color":"","overlay-opacity":"","overlay-gradient":""},"mobile":{"background-color":"var(--ast-global-color-5)","background-image":"","background-repeat":"repeat","background-position":"center center","background-size":"auto","background-attachment":"scroll","background-type":"","background-media":"","overlay-type":"","overlay-color":"","overlay-opacity":"","overlay-gradient":""}},"footnotes":""},"class_list":["post-1139","page","type-page","status-publish","hentry"],"yoast_head":"<!-- This site is optimized with the Yoast SEO plugin v27.2 - https:\/\/yoast.com\/product\/yoast-seo-wordpress\/ -->\n<title>Convenios &#8212; Sanfecoop<\/title>\n<meta name=\"robots\" content=\"index, follow, max-snippet:-1, max-image-preview:large, max-video-preview:-1\" \/>\n<link rel=\"canonical\" href=\"https:\/\/sanfecoop.cl\/sfc\/convenios\/\" \/>\n<meta property=\"og:locale\" content=\"es_ES\" \/>\n<meta property=\"og:type\" content=\"article\" \/>\n<meta property=\"og:title\" content=\"Convenios &#8212; Sanfecoop\" \/>\n<meta property=\"og:description\" content=\"Sanfecoop Convenios NEUROVIDA CENTER Centro especializado en audiolog\u00eda y neurorehabilitaci\u00f3n en Putaendo. Nuestros socios al d\u00eda acceden a descuentos preferenciales [&hellip;]\" \/>\n<meta property=\"og:url\" content=\"https:\/\/sanfecoop.cl\/sfc\/convenios\/\" \/>\n<meta property=\"og:site_name\" content=\"Sanfecoop\" \/>\n<meta property=\"article:publisher\" content=\"https:\/\/www.facebook.com\/Sanfecoop\" \/>\n<meta property=\"article:modified_time\" content=\"2026-02-24T15:45:53+00:00\" \/>\n<meta property=\"og:image\" content=\"https:\/\/sanfecoop.cl\/sfc\/wp-content\/uploads\/2024\/06\/producto_5.png\" \/>\n\t<meta property=\"og:image:width\" content=\"136\" \/>\n\t<meta property=\"og:image:height\" content=\"136\" \/>\n\t<meta property=\"og:image:type\" content=\"image\/png\" \/>\n<meta name=\"twitter:card\" content=\"summary_large_image\" \/>\n<meta name=\"twitter:label1\" content=\"Tiempo de lectura\" \/>\n\t<meta name=\"twitter:data1\" content=\"9 minutos\" \/>\n<script type=\"application\/ld+json\" class=\"yoast-schema-graph\">{\"@context\":\"https:\/\/schema.org\",\"@graph\":[{\"@type\":\"WebPage\",\"@id\":\"https:\/\/sanfecoop.cl\/sfc\/convenios\/\",\"url\":\"https:\/\/sanfecoop.cl\/sfc\/convenios\/\",\"name\":\"Convenios &#8212; Sanfecoop\",\"isPartOf\":{\"@id\":\"https:\/\/sanfecoop.cl\/sfc\/#website\"},\"datePublished\":\"2024-06-16T20:26:09+00:00\",\"dateModified\":\"2026-02-24T15:45:53+00:00\",\"breadcrumb\":{\"@id\":\"https:\/\/sanfecoop.cl\/sfc\/convenios\/#breadcrumb\"},\"inLanguage\":\"es\",\"potentialAction\":[{\"@type\":\"ReadAction\",\"target\":[\"https:\/\/sanfecoop.cl\/sfc\/convenios\/\"]}]},{\"@type\":\"BreadcrumbList\",\"@id\":\"https:\/\/sanfecoop.cl\/sfc\/convenios\/#breadcrumb\",\"itemListElement\":[{\"@type\":\"ListItem\",\"position\":1,\"name\":\"Portada\",\"item\":\"https:\/\/sanfecoop.cl\/sfc\/\"},{\"@type\":\"ListItem\",\"position\":2,\"name\":\"Convenios\"}]},{\"@type\":\"WebSite\",\"@id\":\"https:\/\/sanfecoop.cl\/sfc\/#website\",\"url\":\"https:\/\/sanfecoop.cl\/sfc\/\",\"name\":\"Sanfecoop\",\"description\":\"Cooperativa de ahorro y cr\u00e9dito\",\"publisher\":{\"@id\":\"https:\/\/sanfecoop.cl\/sfc\/#organization\"},\"alternateName\":\"Sanfecoop\",\"potentialAction\":[{\"@type\":\"SearchAction\",\"target\":{\"@type\":\"EntryPoint\",\"urlTemplate\":\"https:\/\/sanfecoop.cl\/sfc\/?s={search_term_string}\"},\"query-input\":{\"@type\":\"PropertyValueSpecification\",\"valueRequired\":true,\"valueName\":\"search_term_string\"}}],\"inLanguage\":\"es\"},{\"@type\":\"Organization\",\"@id\":\"https:\/\/sanfecoop.cl\/sfc\/#organization\",\"name\":\"Sanfecoop\",\"url\":\"https:\/\/sanfecoop.cl\/sfc\/\",\"logo\":{\"@type\":\"ImageObject\",\"inLanguage\":\"es\",\"@id\":\"https:\/\/sanfecoop.cl\/sfc\/#\/schema\/logo\/image\/\",\"url\":\"https:\/\/sanfecoop.cl\/sfc\/wp-content\/uploads\/2024\/06\/logo_Sanfecoop_blanco.svg\",\"contentUrl\":\"https:\/\/sanfecoop.cl\/sfc\/wp-content\/uploads\/2024\/06\/logo_Sanfecoop_blanco.svg\",\"width\":222,\"height\":37,\"caption\":\"Sanfecoop\"},\"image\":{\"@id\":\"https:\/\/sanfecoop.cl\/sfc\/#\/schema\/logo\/image\/\"},\"sameAs\":[\"https:\/\/www.facebook.com\/Sanfecoop\",\"https:\/\/www.instagram.com\/sanfecoop\/\"]}]}<\/script>\n<!-- \/ Yoast SEO plugin. -->","yoast_head_json":{"title":"Convenios &#8212; Sanfecoop","robots":{"index":"index","follow":"follow","max-snippet":"max-snippet:-1","max-image-preview":"max-image-preview:large","max-video-preview":"max-video-preview:-1"},"canonical":"https:\/\/sanfecoop.cl\/sfc\/convenios\/","og_locale":"es_ES","og_type":"article","og_title":"Convenios &#8212; Sanfecoop","og_description":"Sanfecoop Convenios NEUROVIDA CENTER Centro especializado en audiolog\u00eda y neurorehabilitaci\u00f3n en Putaendo. Nuestros socios al d\u00eda acceden a descuentos preferenciales [&hellip;]","og_url":"https:\/\/sanfecoop.cl\/sfc\/convenios\/","og_site_name":"Sanfecoop","article_publisher":"https:\/\/www.facebook.com\/Sanfecoop","article_modified_time":"2026-02-24T15:45:53+00:00","og_image":[{"width":136,"height":136,"url":"https:\/\/sanfecoop.cl\/sfc\/wp-content\/uploads\/2024\/06\/producto_5.png","type":"image\/png"}],"twitter_card":"summary_large_image","twitter_misc":{"Tiempo de lectura":"9 minutos"},"schema":{"@context":"https:\/\/schema.org","@graph":[{"@type":"WebPage","@id":"https:\/\/sanfecoop.cl\/sfc\/convenios\/","url":"https:\/\/sanfecoop.cl\/sfc\/convenios\/","name":"Convenios &#8212; Sanfecoop","isPartOf":{"@id":"https:\/\/sanfecoop.cl\/sfc\/#website"},"datePublished":"2024-06-16T20:26:09+00:00","dateModified":"2026-02-24T15:45:53+00:00","breadcrumb":{"@id":"https:\/\/sanfecoop.cl\/sfc\/convenios\/#breadcrumb"},"inLanguage":"es","potentialAction":[{"@type":"ReadAction","target":["https:\/\/sanfecoop.cl\/sfc\/convenios\/"]}]},{"@type":"BreadcrumbList","@id":"https:\/\/sanfecoop.cl\/sfc\/convenios\/#breadcrumb","itemListElement":[{"@type":"ListItem","position":1,"name":"Portada","item":"https:\/\/sanfecoop.cl\/sfc\/"},{"@type":"ListItem","position":2,"name":"Convenios"}]},{"@type":"WebSite","@id":"https:\/\/sanfecoop.cl\/sfc\/#website","url":"https:\/\/sanfecoop.cl\/sfc\/","name":"Sanfecoop","description":"Cooperativa de ahorro y cr\u00e9dito","publisher":{"@id":"https:\/\/sanfecoop.cl\/sfc\/#organization"},"alternateName":"Sanfecoop","potentialAction":[{"@type":"SearchAction","target":{"@type":"EntryPoint","urlTemplate":"https:\/\/sanfecoop.cl\/sfc\/?s={search_term_string}"},"query-input":{"@type":"PropertyValueSpecification","valueRequired":true,"valueName":"search_term_string"}}],"inLanguage":"es"},{"@type":"Organization","@id":"https:\/\/sanfecoop.cl\/sfc\/#organization","name":"Sanfecoop","url":"https:\/\/sanfecoop.cl\/sfc\/","logo":{"@type":"ImageObject","inLanguage":"es","@id":"https:\/\/sanfecoop.cl\/sfc\/#\/schema\/logo\/image\/","url":"https:\/\/sanfecoop.cl\/sfc\/wp-content\/uploads\/2024\/06\/logo_Sanfecoop_blanco.svg","contentUrl":"https:\/\/sanfecoop.cl\/sfc\/wp-content\/uploads\/2024\/06\/logo_Sanfecoop_blanco.svg","width":222,"height":37,"caption":"Sanfecoop"},"image":{"@id":"https:\/\/sanfecoop.cl\/sfc\/#\/schema\/logo\/image\/"},"sameAs":["https:\/\/www.facebook.com\/Sanfecoop","https:\/\/www.instagram.com\/sanfecoop\/"]}]}},"_links":{"self":[{"href":"https:\/\/sanfecoop.cl\/sfc\/wp-json\/wp\/v2\/pages\/1139","targetHints":{"allow":["GET"]}}],"collection":[{"href":"https:\/\/sanfecoop.cl\/sfc\/wp-json\/wp\/v2\/pages"}],"about":[{"href":"https:\/\/sanfecoop.cl\/sfc\/wp-json\/wp\/v2\/types\/page"}],"author":[{"embeddable":true,"href":"https:\/\/sanfecoop.cl\/sfc\/wp-json\/wp\/v2\/users\/1"}],"replies":[{"embeddable":true,"href":"https:\/\/sanfecoop.cl\/sfc\/wp-json\/wp\/v2\/comments?post=1139"}],"version-history":[{"count":322,"href":"https:\/\/sanfecoop.cl\/sfc\/wp-json\/wp\/v2\/pages\/1139\/revisions"}],"predecessor-version":[{"id":2341,"href":"https:\/\/sanfecoop.cl\/sfc\/wp-json\/wp\/v2\/pages\/1139\/revisions\/2341"}],"wp:attachment":[{"href":"https:\/\/sanfecoop.cl\/sfc\/wp-json\/wp\/v2\/media?parent=1139"}],"curies":[{"name":"wp","href":"https:\/\/api.w.org\/{rel}","templated":true}]}}